{"id":8426,"date":"2024-04-04T10:50:06","date_gmt":"2024-04-04T08:50:06","guid":{"rendered":"https:\/\/laligue53.org\/?page_id=8426"},"modified":"2024-04-04T17:06:47","modified_gmt":"2024-04-04T15:06:47","slug":"notre-histoire-2","status":"publish","type":"page","link":"https:\/\/laligue53.org\/index.php\/notre-histoire-2\/","title":{"rendered":"Notre histoire*"},"content":{"rendered":"\t\t<div data-elementor-type=\"wp-page\" data-elementor-id=\"8426\" class=\"elementor elementor-8426\" data-elementor-settings=\"{&quot;ha_cmc_init_switcher&quot;:&quot;no&quot;}\">\n\t\t\t\t\t\t<section class=\"elementor-section elementor-top-section elementor-element elementor-element-0fd8e97 elementor-section-boxed elementor-section-height-default elementor-section-height-default exad-glass-effect-no wpr-equal-height-no exad-sticky-section-no\" data-id=\"0fd8e97\" data-element_type=\"section\" data-settings=\"{&quot;_ha_eqh_enable&quot;:false}\">\n\t\t\t\t\t\t<div class=\"elementor-container elementor-column-gap-default\">\n\t\t\t\t\t<div class=\"elementor-column elementor-col-100 elementor-top-column elementor-element elementor-element-eb5b25e exad-glass-effect-no exad-sticky-section-no\" data-id=\"eb5b25e\" data-element_type=\"column\">\n\t\t\t<div class=\"elementor-widget-wrap\">\n\t\t\t\t\t\t\t<\/div>\n\t\t<\/div>\n\t\t\t\t\t<\/div>\n\t\t<\/section>\n\t\t\t\t<section class=\"elementor-section elementor-top-section elementor-element elementor-element-792a103c elementor-section-stretched elementor-section-boxed elementor-section-height-default elementor-section-height-default exad-glass-effect-no wpr-equal-height-no exad-sticky-section-no\" data-id=\"792a103c\" data-element_type=\"section\" data-settings=\"{&quot;stretch_section&quot;:&quot;section-stretched&quot;,&quot;background_background&quot;:&quot;classic&quot;,&quot;shape_divider_bottom&quot;:&quot;triangle&quot;,&quot;shape_divider_bottom_negative&quot;:&quot;yes&quot;,&quot;_ha_eqh_enable&quot;:false}\">\n\t\t\t\t\t\t\t<div class=\"elementor-background-overlay\"><\/div>\n\t\t\t\t\t\t<div class=\"elementor-shape elementor-shape-bottom\" aria-hidden=\"true\" data-negative=\"true\">\n\t\t\t<svg xmlns=\"http:\/\/www.w3.org\/2000\/svg\" viewBox=\"0 0 1000 100\" preserveAspectRatio=\"none\">\n\t<path class=\"elementor-shape-fill\" d=\"M500.2,94.7L0,0v100h1000V0L500.2,94.7z\"\/>\n<\/svg>\t\t<\/div>\n\t\t\t\t\t<div class=\"elementor-container elementor-column-gap-default\">\n\t\t\t\t\t<div class=\"elementor-column elementor-col-100 elementor-top-column elementor-element elementor-element-209c2b97 exad-glass-effect-no exad-sticky-section-no\" data-id=\"209c2b97\" data-element_type=\"column\">\n\t\t\t<div class=\"elementor-widget-wrap elementor-element-populated\">\n\t\t\t\t\t\t<div class=\"elementor-element elementor-element-42015dbb exad-sticky-section-no exad-glass-effect-no elementor-invisible elementor-widget elementor-widget-heading\" data-id=\"42015dbb\" data-element_type=\"widget\" data-settings=\"{&quot;_animation&quot;:&quot;fadeIn&quot;}\" data-widget_type=\"heading.default\">\n\t\t\t\t<div class=\"elementor-widget-container\">\n\t\t\t\t\t<h3 class=\"elementor-heading-title elementor-size-default\">d\u00e9couvrez l'histoire <\/h3>\t\t\t\t<\/div>\n\t\t\t\t<\/div>\n\t\t\t\t<div class=\"elementor-element elementor-element-49bf387a premium-header-block premium-lq__none premium-box-lq__none exad-sticky-section-no exad-glass-effect-no elementor-invisible elementor-widget elementor-widget-premium-addon-dual-header\" data-id=\"49bf387a\" data-element_type=\"widget\" data-settings=\"{&quot;_animation&quot;:&quot;fadeIn&quot;}\" data-widget_type=\"premium-addon-dual-header.default\">\n\t\t\t\t\t\n\t\t<div class=\"elementor-widget-container\">\n\t\t\t\t\t<h2 class=\"premium-dual-header-first-header \"><span class=\"premium-dual-header-first-span\"> <\/span><span class=\"premium-dual-header-second-header \">de la Ligue de l'enseignement<\/span><\/h2> \t\t\t\t<\/div>\n\n\t\t\t\t\t\t<\/div>\n\t\t\t\t<div class=\"elementor-element elementor-element-56730691 elementor-widget__width-inherit exad-sticky-section-no exad-glass-effect-no elementor-widget elementor-widget-text-editor\" data-id=\"56730691\" data-element_type=\"widget\" data-widget_type=\"text-editor.default\">\n\t\t\t\t<div class=\"elementor-widget-container\">\n\t\t\t\t\t\t\t\t\t<div class=\"text-gray\"><span style=\"color: #ffffff;\"><strong>Le mouvement d\u2019\u00e9ducation populaire est cr\u00e9\u00e9 en 1866 par Jean Mac\u00e9 qui s\u2019inspire de l\u2019exemple de la Belgique o\u00f9 avait \u00e9t\u00e9 fond\u00e9e, en 1864, une Ligue destin\u00e9e \u00e0 d\u00e9fendre la la\u00efcit\u00e9. La fondation de la Ligue fran\u00e7aise de l\u2019enseignement a inspir\u00e9 les lois sur l\u2019\u00e9cole \u00ab gratuite, obligatoire et la\u00efque \u00bb \u00e0 la fin <\/strong><strong>du XIX<sup>\u00e8<\/sup>\u00a0si\u00e8cle.\u00a0<\/strong><strong>Ce grand mouvement d\u2019\u00e9ducation populaire est partenaire de la vie associative,\u00a0de l\u2019\u00e9cole publique et disposant d\u2019un r\u00e9seau national\u00a0<\/strong><strong>de f\u00e9d\u00e9rations. <\/strong><\/span><\/div><div>\u00a0<\/div><p><span style=\"color: #ffffff;\">Son organisation s\u2019appuie sur\u00a0<strong>103 f\u00e9d\u00e9rations d\u00e9partementales<\/strong>, elles-m\u00eame regroup\u00e9es au sein d\u2019unions r\u00e9gionales. Les associations locales, les f\u00e9d\u00e9rations d\u00e9partementales et le centre conf\u00e9d\u00e9ral comptent plusieurs milliers de salari\u00e9s et des centaines de milliers de b\u00e9n\u00e9voles, et \u0153uvrent dans les domaines de l\u2019\u00e9ducation populaire\u00a0ou de l\u2019enseignement, des pratiques artistiques et culturelles, des activit\u00e9s sportives, des vacances et des loisirs, de la formation professionnelle ou de l\u2019action sociale.<\/span><\/p>\t\t\t\t\t\t\t\t<\/div>\n\t\t\t\t<\/div>\n\t\t\t\t\t<\/div>\n\t\t<\/div>\n\t\t\t\t\t<\/div>\n\t\t<\/section>\n\t\t\t\t<section class=\"elementor-section elementor-top-section elementor-element elementor-element-7f153fa10 elementor-section-boxed elementor-section-height-default elementor-section-height-default exad-glass-effect-no wpr-equal-height-no exad-sticky-section-no\" data-id=\"7f153fa10\" data-element_type=\"section\" data-settings=\"{&quot;_ha_eqh_enable&quot;:false}\">\n\t\t\t\t\t\t<div class=\"elementor-container elementor-column-gap-default\">\n\t\t\t\t\t<div class=\"elementor-column elementor-col-100 elementor-top-column elementor-element elementor-element-4208a270 exad-glass-effect-no exad-sticky-section-no\" data-id=\"4208a270\" data-element_type=\"column\">\n\t\t\t<div class=\"elementor-widget-wrap elementor-element-populated\">\n\t\t\t\t\t\t<div class=\"elementor-element elementor-element-22078f21 exad-sticky-section-no exad-glass-effect-no elementor-widget elementor-widget-spacer\" data-id=\"22078f21\" data-element_type=\"widget\" data-widget_type=\"spacer.default\">\n\t\t\t\t<div class=\"elementor-widget-container\">\n\t\t\t\t\t\t\t<div class=\"elementor-spacer\">\n\t\t\t<div class=\"elementor-spacer-inner\"><\/div>\n\t\t<\/div>\n\t\t\t\t\t\t<\/div>\n\t\t\t\t<\/div>\n\t\t\t\t\t<\/div>\n\t\t<\/div>\n\t\t\t\t\t<\/div>\n\t\t<\/section>\n\t\t\t\t<section class=\"elementor-section elementor-top-section elementor-element elementor-element-3baf3c15 elementor-section-stretched elementor-section-content-middle elementor-section-boxed elementor-section-height-default elementor-section-height-default exad-glass-effect-no wpr-equal-height-no exad-sticky-section-no\" data-id=\"3baf3c15\" data-element_type=\"section\" data-settings=\"{&quot;stretch_section&quot;:&quot;section-stretched&quot;,&quot;background_background&quot;:&quot;classic&quot;,&quot;_ha_eqh_enable&quot;:false}\">\n\t\t\t\t\t\t<div class=\"elementor-container elementor-column-gap-default\">\n\t\t\t\t\t<div class=\"elementor-column elementor-col-50 elementor-top-column elementor-element elementor-element-717b1091 exad-glass-effect-no exad-sticky-section-no\" data-id=\"717b1091\" data-element_type=\"column\">\n\t\t\t<div class=\"elementor-widget-wrap elementor-element-populated\">\n\t\t\t\t\t\t<div class=\"elementor-element elementor-element-57e5b131 exad-sticky-section-no exad-glass-effect-no elementor-widget elementor-widget-heading\" data-id=\"57e5b131\" data-element_type=\"widget\" data-widget_type=\"heading.default\">\n\t\t\t\t<div class=\"elementor-widget-container\">\n\t\t\t\t\t<h4 class=\"elementor-heading-title elementor-size-default\">LA LIGUE DE L'ENSEIGNEMENT<\/h4>\t\t\t\t<\/div>\n\t\t\t\t<\/div>\n\t\t\t\t<div class=\"elementor-element elementor-element-79393d2c exad-sticky-section-no exad-glass-effect-no elementor-widget elementor-widget-heading\" data-id=\"79393d2c\" data-element_type=\"widget\" data-widget_type=\"heading.default\">\n\t\t\t\t<div class=\"elementor-widget-container\">\n\t\t\t\t\t<h2 class=\"elementor-heading-title elementor-size-default\">Au niveau national<\/h2>\t\t\t\t<\/div>\n\t\t\t\t<\/div>\n\t\t\t\t<div class=\"elementor-element elementor-element-14c7e9de elementor-widget-divider--separator-type-pattern elementor-widget-divider--view-line exad-sticky-section-no exad-glass-effect-no elementor-widget elementor-widget-divider\" data-id=\"14c7e9de\" data-element_type=\"widget\" data-widget_type=\"divider.default\">\n\t\t\t\t<div class=\"elementor-widget-container\">\n\t\t\t\t\t\t\t<div class=\"elementor-divider\" style=\"--divider-pattern-url: url(&quot;data:image\/svg+xml,%3Csvg xmlns=&#039;http:\/\/www.w3.org\/2000\/svg&#039; preserveAspectRatio=&#039;none&#039; overflow=&#039;visible&#039; height=&#039;100%&#039; viewBox=&#039;0 0 20 16&#039; fill=&#039;none&#039; stroke=&#039;black&#039; stroke-width=&#039;2&#039; stroke-linecap=&#039;square&#039; stroke-miterlimit=&#039;10&#039;%3E%3Cg transform=&#039;translate(-12.000000, 0)&#039;%3E%3Cpath d=&#039;M28,0L10,18&#039;\/%3E%3Cpath d=&#039;M18,0L0,18&#039;\/%3E%3Cpath d=&#039;M48,0L30,18&#039;\/%3E%3Cpath d=&#039;M38,0L20,18&#039;\/%3E%3C\/g%3E%3C\/svg%3E&quot;);\">\n\t\t\t<span class=\"elementor-divider-separator\">\n\t\t\t\t\t\t<\/span>\n\t\t<\/div>\n\t\t\t\t\t\t<\/div>\n\t\t\t\t<\/div>\n\t\t\t\t<div class=\"elementor-element elementor-element-3b91a10e elementor-drop-cap-yes elementor-drop-cap-view-default exad-sticky-section-no exad-glass-effect-no elementor-widget elementor-widget-text-editor\" data-id=\"3b91a10e\" data-element_type=\"widget\" data-settings=\"{&quot;drop_cap&quot;:&quot;yes&quot;}\" data-widget_type=\"text-editor.default\">\n\t\t\t\t<div class=\"elementor-widget-container\">\n\t\t\t\t\t\t\t\t\t<p>Mouvement la\u00efque d\u2019\u00e9ducation populaire, la Ligue de l\u2019enseignement propose des activit\u00e9s \u00e9ducatives, culturelles, sportives et de loisirs. Elle regroupe, \u00e0 travers <strong>103 f\u00e9d\u00e9rations d\u00e9partementales<\/strong>, <strong>plus de 20 000 associations locales<\/strong> pr\u00e9sentes dans <strong>24 000 communes<\/strong> et repr\u00e9sentant <strong>1,6 million d\u2019adh\u00e9rents.<\/strong><\/p>\t\t\t\t\t\t\t\t<\/div>\n\t\t\t\t<\/div>\n\t\t\t\t<div class=\"elementor-element elementor-element-1c48865 exad-sticky-section-no exad-glass-effect-no elementor-widget elementor-widget-spacer\" data-id=\"1c48865\" data-element_type=\"widget\" data-widget_type=\"spacer.default\">\n\t\t\t\t<div class=\"elementor-widget-container\">\n\t\t\t\t\t\t\t<div class=\"elementor-spacer\">\n\t\t\t<div class=\"elementor-spacer-inner\"><\/div>\n\t\t<\/div>\n\t\t\t\t\t\t<\/div>\n\t\t\t\t<\/div>\n\t\t\t\t<div class=\"elementor-element elementor-element-0bdd71d exad-sticky-section-no exad-glass-effect-no elementor-widget elementor-widget-heading\" data-id=\"0bdd71d\" data-element_type=\"widget\" data-widget_type=\"heading.default\">\n\t\t\t\t<div class=\"elementor-widget-container\">\n\t\t\t\t\t<h4 class=\"elementor-heading-title elementor-size-default\">LA LIGUE DE L'ENSEIGNEMENT<\/h4>\t\t\t\t<\/div>\n\t\t\t\t<\/div>\n\t\t\t\t<div class=\"elementor-element elementor-element-49e55fb exad-sticky-section-no exad-glass-effect-no elementor-widget elementor-widget-heading\" data-id=\"49e55fb\" data-element_type=\"widget\" data-widget_type=\"heading.default\">\n\t\t\t\t<div class=\"elementor-widget-container\">\n\t\t\t\t\t<h2 class=\"elementor-heading-title elementor-size-default\">Au niveau d\u00e9partemental<\/h2>\t\t\t\t<\/div>\n\t\t\t\t<\/div>\n\t\t\t\t<div class=\"elementor-element elementor-element-4fd8603 elementor-widget-divider--separator-type-pattern elementor-widget-divider--view-line exad-sticky-section-no exad-glass-effect-no elementor-widget elementor-widget-divider\" data-id=\"4fd8603\" data-element_type=\"widget\" data-widget_type=\"divider.default\">\n\t\t\t\t<div class=\"elementor-widget-container\">\n\t\t\t\t\t\t\t<div class=\"elementor-divider\" style=\"--divider-pattern-url: url(&quot;data:image\/svg+xml,%3Csvg xmlns=&#039;http:\/\/www.w3.org\/2000\/svg&#039; preserveAspectRatio=&#039;none&#039; overflow=&#039;visible&#039; height=&#039;100%&#039; viewBox=&#039;0 0 20 16&#039; fill=&#039;none&#039; stroke=&#039;black&#039; stroke-width=&#039;2&#039; stroke-linecap=&#039;square&#039; stroke-miterlimit=&#039;10&#039;%3E%3Cg transform=&#039;translate(-12.000000, 0)&#039;%3E%3Cpath d=&#039;M28,0L10,18&#039;\/%3E%3Cpath d=&#039;M18,0L0,18&#039;\/%3E%3Cpath d=&#039;M48,0L30,18&#039;\/%3E%3Cpath d=&#039;M38,0L20,18&#039;\/%3E%3C\/g%3E%3C\/svg%3E&quot;);\">\n\t\t\t<span class=\"elementor-divider-separator\">\n\t\t\t\t\t\t<\/span>\n\t\t<\/div>\n\t\t\t\t\t\t<\/div>\n\t\t\t\t<\/div>\n\t\t\t\t<div class=\"elementor-element elementor-element-e317117 elementor-drop-cap-yes elementor-drop-cap-view-default exad-sticky-section-no exad-glass-effect-no elementor-widget elementor-widget-text-editor\" data-id=\"e317117\" data-element_type=\"widget\" data-settings=\"{&quot;drop_cap&quot;:&quot;yes&quot;}\" data-widget_type=\"text-editor.default\">\n\t\t\t\t<div class=\"elementor-widget-container\">\n\t\t\t\t\t\t\t\t\t<p>En Mayenne, <strong>depuis 1946<\/strong>, la Ligue de l\u2019enseignement &#8211; FAL 53 anime la vie locale, d\u00e9veloppe des solidarit\u00e9s et contribue \u00e0 la formation de citoyens \u00e9gaux et responsables. <strong>Elle vise \u00e0 faciliter l\u2019acc\u00e8s \u00e0 l\u2019\u00e9ducation, \u00e0 la culture, au sport et aux loisirs pour tous dans le respect des diversit\u00e9s culturelles.<\/strong><\/p>\t\t\t\t\t\t\t\t<\/div>\n\t\t\t\t<\/div>\n\t\t\t\t\t<\/div>\n\t\t<\/div>\n\t\t\t\t<div class=\"elementor-column elementor-col-50 elementor-top-column elementor-element elementor-element-be799e0 exad-glass-effect-no exad-sticky-section-no\" data-id=\"be799e0\" data-element_type=\"column\">\n\t\t\t<div class=\"elementor-widget-wrap elementor-element-populated\">\n\t\t\t\t\t\t<section class=\"elementor-section elementor-inner-section elementor-element elementor-element-343eecf1 elementor-section-boxed elementor-section-height-default elementor-section-height-default exad-glass-effect-no wpr-equal-height-no exad-sticky-section-no\" data-id=\"343eecf1\" data-element_type=\"section\" data-settings=\"{&quot;_ha_eqh_enable&quot;:false}\">\n\t\t\t\t\t\t<div class=\"elementor-container elementor-column-gap-no\">\n\t\t\t\t\t<div class=\"elementor-column elementor-col-50 elementor-inner-column elementor-element elementor-element-b693d77 exad-glass-effect-no exad-sticky-section-no\" data-id=\"b693d77\" data-element_type=\"column\" data-settings=\"{&quot;background_background&quot;:&quot;classic&quot;}\">\n\t\t\t<div class=\"elementor-widget-wrap elementor-element-populated\">\n\t\t\t\t\t\t<div class=\"elementor-element elementor-element-4039d356 exad-sticky-section-no exad-glass-effect-no elementor-widget elementor-widget-premium-counter\" data-id=\"4039d356\" data-element_type=\"widget\" data-widget_type=\"premium-counter.default\">\n\t\t\t\t<div class=\"elementor-widget-container\">\n\t\t\t\t\t\n\t\t<div class=\"premium-counter premium-counter-area top\" data-duration=\"3000\" data-from-value=\"0\" data-to-value=\"103\" data-delimiter=\",\" data-rounding=\"0\">\n\t\t\t\n\t\t<div class=\"premium-counter-icon\">\n\n\t\t\t<span class=\"icon\" data-animation=\"fadeInLeft\">\n\n\t\t\t\t\t\t\t\t\t<svg class=\"premium-svg-nodraw premium-drawable-icon e-font-icon-svg e-fas-bezier-curve\" aria-hidden=\"true\" viewBox=\"0 0 640 512\" xmlns=\"http:\/\/www.w3.org\/2000\/svg\"><path d=\"M368 32h-96c-17.67 0-32 14.33-32 32v96c0 17.67 14.33 32 32 32h96c17.67 0 32-14.33 32-32V64c0-17.67-14.33-32-32-32zM208 88h-84.75C113.75 64.56 90.84 48 64 48 28.66 48 0 76.65 0 112s28.66 64 64 64c26.84 0 49.75-16.56 59.25-40h79.73c-55.37 32.52-95.86 87.32-109.54 152h49.4c11.3-41.61 36.77-77.21 71.04-101.56-3.7-8.08-5.88-16.99-5.88-26.44V88zm-48 232H64c-17.67 0-32 14.33-32 32v96c0 17.67 14.33 32 32 32h96c17.67 0 32-14.33 32-32v-96c0-17.67-14.33-32-32-32zM576 48c-26.84 0-49.75 16.56-59.25 40H432v72c0 9.45-2.19 18.36-5.88 26.44 34.27 24.35 59.74 59.95 71.04 101.56h49.4c-13.68-64.68-54.17-119.48-109.54-152h79.73c9.5 23.44 32.41 40 59.25 40 35.34 0 64-28.65 64-64s-28.66-64-64-64zm0 272h-96c-17.67 0-32 14.33-32 32v96c0 17.67 14.33 32 32 32h96c17.67 0 32-14.33 32-32v-96c0-17.67-14.33-32-32-32z\"><\/path><\/svg>\n\t\t\t\t\n\t\t\t<\/span>\n\t\t<\/div>\n\n\t\t\n\t\t<div class=\"premium-init-wrapper column\">\n\n\t\t\t<div class=\"premium-counter-value-wrap\">\n\t\t\t\t\n\t\t\t\t<span class=\"premium-counter-init\" id=\"counter-4039d356\">0<\/span>\n\n\t\t\t\t\t\t\t<\/div>\n\n\t\t\t\t\t\t\t<div class=\"premium-counter-title\">\n\t\t\t\t\t<p class=\"premium-counter-title-val\">\n\t\t\t\t\t\tF\u00e9d\u00e9rations d\u00e9partementales\t\t\t\t\t<\/p>\n\t\t\t\t\t\t\t\t\t<\/div>\n\t\t\t\t\t<\/div>\n\n\t\t\t\t<\/div>\n\n\t\t\t\t\t\t<\/div>\n\t\t\t\t<\/div>\n\t\t\t\t\t<\/div>\n\t\t<\/div>\n\t\t\t\t<div class=\"elementor-column elementor-col-50 elementor-inner-column elementor-element elementor-element-70d8a87f exad-glass-effect-no exad-sticky-section-no\" data-id=\"70d8a87f\" data-element_type=\"column\" data-settings=\"{&quot;background_background&quot;:&quot;classic&quot;}\">\n\t\t\t<div class=\"elementor-widget-wrap elementor-element-populated\">\n\t\t\t\t\t\t<div class=\"elementor-element elementor-element-53d021a7 exad-sticky-section-no exad-glass-effect-no elementor-widget elementor-widget-premium-counter\" data-id=\"53d021a7\" data-element_type=\"widget\" data-widget_type=\"premium-counter.default\">\n\t\t\t\t<div class=\"elementor-widget-container\">\n\t\t\t\t\t\n\t\t<div class=\"premium-counter premium-counter-area top\" data-duration=\"3000\" data-from-value=\"0\" data-to-value=\"20000\" data-delimiter=\" \" data-rounding=\"0\">\n\t\t\t\n\t\t<div class=\"premium-counter-icon\">\n\n\t\t\t<span class=\"icon\" data-animation=\"fadeInDown\">\n\n\t\t\t\t\t\t\t\t\t<svg class=\"premium-svg-nodraw premium-drawable-icon e-font-icon-svg e-fas-certificate\" aria-hidden=\"true\" viewBox=\"0 0 512 512\" xmlns=\"http:\/\/www.w3.org\/2000\/svg\"><path d=\"M458.622 255.92l45.985-45.005c13.708-12.977 7.316-36.039-10.664-40.339l-62.65-15.99 17.661-62.015c4.991-17.838-11.829-34.663-29.661-29.671l-61.994 17.667-15.984-62.671C337.085.197 313.765-6.276 300.99 7.228L256 53.57 211.011 7.229c-12.63-13.351-36.047-7.234-40.325 10.668l-15.984 62.671-61.995-17.667C74.87 57.907 58.056 74.738 63.046 92.572l17.661 62.015-62.65 15.99C.069 174.878-6.31 197.944 7.392 210.915l45.985 45.005-45.985 45.004c-13.708 12.977-7.316 36.039 10.664 40.339l62.65 15.99-17.661 62.015c-4.991 17.838 11.829 34.663 29.661 29.671l61.994-17.667 15.984 62.671c4.439 18.575 27.696 24.018 40.325 10.668L256 458.61l44.989 46.001c12.5 13.488 35.987 7.486 40.325-10.668l15.984-62.671 61.994 17.667c17.836 4.994 34.651-11.837 29.661-29.671l-17.661-62.015 62.65-15.99c17.987-4.302 24.366-27.367 10.664-40.339l-45.984-45.004z\"><\/path><\/svg>\n\t\t\t\t\n\t\t\t<\/span>\n\t\t<\/div>\n\n\t\t\n\t\t<div class=\"premium-init-wrapper column\">\n\n\t\t\t<div class=\"premium-counter-value-wrap\">\n\t\t\t\t\n\t\t\t\t<span class=\"premium-counter-init\" id=\"counter-53d021a7\">0<\/span>\n\n\t\t\t\t\t\t\t<\/div>\n\n\t\t\t\t\t\t\t<div class=\"premium-counter-title\">\n\t\t\t\t\t<p class=\"premium-counter-title-val\">\n\t\t\t\t\t\tassociations locales\t\t\t\t\t<\/p>\n\t\t\t\t\t\t\t\t\t<\/div>\n\t\t\t\t\t<\/div>\n\n\t\t\t\t<\/div>\n\n\t\t\t\t\t\t<\/div>\n\t\t\t\t<\/div>\n\t\t\t\t\t<\/div>\n\t\t<\/div>\n\t\t\t\t\t<\/div>\n\t\t<\/section>\n\t\t\t\t<section class=\"elementor-section elementor-inner-section elementor-element elementor-element-7b302679 elementor-section-boxed elementor-section-height-default elementor-section-height-default exad-glass-effect-no wpr-equal-height-no exad-sticky-section-no\" data-id=\"7b302679\" data-element_type=\"section\" data-settings=\"{&quot;_ha_eqh_enable&quot;:false}\">\n\t\t\t\t\t\t<div class=\"elementor-container elementor-column-gap-no\">\n\t\t\t\t\t<div class=\"elementor-column elementor-col-50 elementor-inner-column elementor-element elementor-element-5e57f9d3 exad-glass-effect-no exad-sticky-section-no\" data-id=\"5e57f9d3\" data-element_type=\"column\" data-settings=\"{&quot;background_background&quot;:&quot;classic&quot;}\">\n\t\t\t<div class=\"elementor-widget-wrap elementor-element-populated\">\n\t\t\t\t\t\t<div class=\"elementor-element elementor-element-12890652 exad-sticky-section-no exad-glass-effect-no elementor-widget elementor-widget-premium-counter\" data-id=\"12890652\" data-element_type=\"widget\" data-widget_type=\"premium-counter.default\">\n\t\t\t\t<div class=\"elementor-widget-container\">\n\t\t\t\t\t\n\t\t<div class=\"premium-counter premium-counter-area top\" data-duration=\"3000\" data-from-value=\"0\" data-to-value=\"24000\" data-delimiter=\" \" data-rounding=\"0\">\n\t\t\t\n\t\t<div class=\"premium-counter-icon\">\n\n\t\t\t<span class=\"icon\" data-animation=\"fadeInUp\">\n\n\t\t\t\t\t\t\t\t\t<svg class=\"premium-svg-nodraw premium-drawable-icon e-font-icon-svg e-fas-city\" aria-hidden=\"true\" viewBox=\"0 0 640 512\" xmlns=\"http:\/\/www.w3.org\/2000\/svg\"><path d=\"M616 192H480V24c0-13.26-10.74-24-24-24H312c-13.26 0-24 10.74-24 24v72h-64V16c0-8.84-7.16-16-16-16h-16c-8.84 0-16 7.16-16 16v80h-64V16c0-8.84-7.16-16-16-16H80c-8.84 0-16 7.16-16 16v80H24c-13.26 0-24 10.74-24 24v360c0 17.67 14.33 32 32 32h576c17.67 0 32-14.33 32-32V216c0-13.26-10.75-24-24-24zM128 404c0 6.63-5.37 12-12 12H76c-6.63 0-12-5.37-12-12v-40c0-6.63 5.37-12 12-12h40c6.63 0 12 5.37 12 12v40zm0-96c0 6.63-5.37 12-12 12H76c-6.63 0-12-5.37-12-12v-40c0-6.63 5.37-12 12-12h40c6.63 0 12 5.37 12 12v40zm0-96c0 6.63-5.37 12-12 12H76c-6.63 0-12-5.37-12-12v-40c0-6.63 5.37-12 12-12h40c6.63 0 12 5.37 12 12v40zm128 192c0 6.63-5.37 12-12 12h-40c-6.63 0-12-5.37-12-12v-40c0-6.63 5.37-12 12-12h40c6.63 0 12 5.37 12 12v40zm0-96c0 6.63-5.37 12-12 12h-40c-6.63 0-12-5.37-12-12v-40c0-6.63 5.37-12 12-12h40c6.63 0 12 5.37 12 12v40zm0-96c0 6.63-5.37 12-12 12h-40c-6.63 0-12-5.37-12-12v-40c0-6.63 5.37-12 12-12h40c6.63 0 12 5.37 12 12v40zm160 96c0 6.63-5.37 12-12 12h-40c-6.63 0-12-5.37-12-12v-40c0-6.63 5.37-12 12-12h40c6.63 0 12 5.37 12 12v40zm0-96c0 6.63-5.37 12-12 12h-40c-6.63 0-12-5.37-12-12v-40c0-6.63 5.37-12 12-12h40c6.63 0 12 5.37 12 12v40zm0-96c0 6.63-5.37 12-12 12h-40c-6.63 0-12-5.37-12-12V76c0-6.63 5.37-12 12-12h40c6.63 0 12 5.37 12 12v40zm160 288c0 6.63-5.37 12-12 12h-40c-6.63 0-12-5.37-12-12v-40c0-6.63 5.37-12 12-12h40c6.63 0 12 5.37 12 12v40zm0-96c0 6.63-5.37 12-12 12h-40c-6.63 0-12-5.37-12-12v-40c0-6.63 5.37-12 12-12h40c6.63 0 12 5.37 12 12v40z\"><\/path><\/svg>\n\t\t\t\t\n\t\t\t<\/span>\n\t\t<\/div>\n\n\t\t\n\t\t<div class=\"premium-init-wrapper column\">\n\n\t\t\t<div class=\"premium-counter-value-wrap\">\n\t\t\t\t\n\t\t\t\t<span class=\"premium-counter-init\" id=\"counter-12890652\">0<\/span>\n\n\t\t\t\t\t\t\t<\/div>\n\n\t\t\t\t\t\t\t<div class=\"premium-counter-title\">\n\t\t\t\t\t<p class=\"premium-counter-title-val\">\n\t\t\t\t\t\tcommunes\t\t\t\t\t<\/p>\n\t\t\t\t\t\t\t\t\t<\/div>\n\t\t\t\t\t<\/div>\n\n\t\t\t\t<\/div>\n\n\t\t\t\t\t\t<\/div>\n\t\t\t\t<\/div>\n\t\t\t\t\t<\/div>\n\t\t<\/div>\n\t\t\t\t<div class=\"elementor-column elementor-col-50 elementor-inner-column elementor-element elementor-element-5c32a2cd exad-glass-effect-no exad-sticky-section-no\" data-id=\"5c32a2cd\" data-element_type=\"column\" data-settings=\"{&quot;background_background&quot;:&quot;classic&quot;}\">\n\t\t\t<div class=\"elementor-widget-wrap elementor-element-populated\">\n\t\t\t\t\t\t<div class=\"elementor-element elementor-element-156c25aa exad-sticky-section-no exad-glass-effect-no elementor-widget elementor-widget-premium-counter\" data-id=\"156c25aa\" data-element_type=\"widget\" data-widget_type=\"premium-counter.default\">\n\t\t\t\t<div class=\"elementor-widget-container\">\n\t\t\t\t\t\n\t\t<div class=\"premium-counter premium-counter-area top\" data-duration=\"3000\" data-from-value=\"0\" data-to-value=\"1600000\" data-delimiter=\" \" data-rounding=\"0\">\n\t\t\t\n\t\t<div class=\"premium-counter-icon\">\n\n\t\t\t<span class=\"icon\" data-animation=\"fadeInRight\">\n\n\t\t\t\t\t\t\t\t\t<svg class=\"premium-svg-nodraw premium-drawable-icon e-font-icon-svg e-fas-users\" aria-hidden=\"true\" viewBox=\"0 0 640 512\" xmlns=\"http:\/\/www.w3.org\/2000\/svg\"><path d=\"M96 224c35.3 0 64-28.7 64-64s-28.7-64-64-64-64 28.7-64 64 28.7 64 64 64zm448 0c35.3 0 64-28.7 64-64s-28.7-64-64-64-64 28.7-64 64 28.7 64 64 64zm32 32h-64c-17.6 0-33.5 7.1-45.1 18.6 40.3 22.1 68.9 62 75.1 109.4h66c17.7 0 32-14.3 32-32v-32c0-35.3-28.7-64-64-64zm-256 0c61.9 0 112-50.1 112-112S381.9 32 320 32 208 82.1 208 144s50.1 112 112 112zm76.8 32h-8.3c-20.8 10-43.9 16-68.5 16s-47.6-6-68.5-16h-8.3C179.6 288 128 339.6 128 403.2V432c0 26.5 21.5 48 48 48h288c26.5 0 48-21.5 48-48v-28.8c0-63.6-51.6-115.2-115.2-115.2zm-223.7-13.4C161.5 263.1 145.6 256 128 256H64c-35.3 0-64 28.7-64 64v32c0 17.7 14.3 32 32 32h65.9c6.3-47.4 34.9-87.3 75.2-109.4z\"><\/path><\/svg>\n\t\t\t\t\n\t\t\t<\/span>\n\t\t<\/div>\n\n\t\t\n\t\t<div class=\"premium-init-wrapper column\">\n\n\t\t\t<div class=\"premium-counter-value-wrap\">\n\t\t\t\t\n\t\t\t\t<span class=\"premium-counter-init\" id=\"counter-156c25aa\">0<\/span>\n\n\t\t\t\t\t\t\t<\/div>\n\n\t\t\t\t\t\t\t<div class=\"premium-counter-title\">\n\t\t\t\t\t<p class=\"premium-counter-title-val\">\n\t\t\t\t\t\td'adh\u00e9rents\t\t\t\t\t<\/p>\n\t\t\t\t\t\t\t\t\t<\/div>\n\t\t\t\t\t<\/div>\n\n\t\t\t\t<\/div>\n\n\t\t\t\t\t\t<\/div>\n\t\t\t\t<\/div>\n\t\t\t\t\t<\/div>\n\t\t<\/div>\n\t\t\t\t\t<\/div>\n\t\t<\/section>\n\t\t\t\t<div class=\"elementor-element elementor-element-286a0c2 exad-sticky-section-no exad-glass-effect-no elementor-widget elementor-widget-spacer\" data-id=\"286a0c2\" data-element_type=\"widget\" data-widget_type=\"spacer.default\">\n\t\t\t\t<div class=\"elementor-widget-container\">\n\t\t\t\t\t\t\t<div class=\"elementor-spacer\">\n\t\t\t<div class=\"elementor-spacer-inner\"><\/div>\n\t\t<\/div>\n\t\t\t\t\t\t<\/div>\n\t\t\t\t<\/div>\n\t\t\t\t\t<\/div>\n\t\t<\/div>\n\t\t\t\t\t<\/div>\n\t\t<\/section>\n\t\t\t\t<section class=\"elementor-section elementor-top-section elementor-element elementor-element-346da6b4 elementor-section-boxed elementor-section-height-default elementor-section-height-default exad-glass-effect-no wpr-equal-height-no exad-sticky-section-no\" data-id=\"346da6b4\" data-element_type=\"section\" data-settings=\"{&quot;_ha_eqh_enable&quot;:false}\">\n\t\t\t\t\t\t<div class=\"elementor-container elementor-column-gap-default\">\n\t\t\t\t\t<div class=\"elementor-column elementor-col-100 elementor-top-column elementor-element elementor-element-2ee967a4 exad-glass-effect-no exad-sticky-section-no\" data-id=\"2ee967a4\" data-element_type=\"column\">\n\t\t\t<div class=\"elementor-widget-wrap elementor-element-populated\">\n\t\t\t\t\t\t<div class=\"elementor-element elementor-element-5c6a0492 exad-sticky-section-no exad-glass-effect-no elementor-widget elementor-widget-heading\" data-id=\"5c6a0492\" data-element_type=\"widget\" data-widget_type=\"heading.default\">\n\t\t\t\t<div class=\"elementor-widget-container\">\n\t\t\t\t\t<h2 class=\"elementor-heading-title elementor-size-default\">Un peu d'histoire...<\/h2>\t\t\t\t<\/div>\n\t\t\t\t<\/div>\n\t\t\t\t<div class=\"elementor-element elementor-element-6a5d9c9 exad-sticky-section-no exad-glass-effect-no elementor-widget elementor-widget-heading\" data-id=\"6a5d9c9\" data-element_type=\"widget\" data-widget_type=\"heading.default\">\n\t\t\t\t<div class=\"elementor-widget-container\">\n\t\t\t\t\t<h6 class=\"elementor-heading-title elementor-size-default\"><b>L<\/b>orsque Louis Napol\u00e9on Bonaparte restaure l\u2019Empire en <b>1852<\/b> et supprime la II\u00e8me R\u00e9publique, <b>Jean Mac\u00e9<\/b>, journaliste r\u00e9publicain, Professeur en Alsace, y voit un danger pour la d\u00e9mocratie. Estimant que <b>\u00ab l\u2019\u00e9ducation au suffrage universel \u00bb<\/b> est indispensable pour garantir la d\u00e9mocratie, il projette de cr\u00e9er une Ligue de l\u2019enseignement semblable \u00e0 celle cr\u00e9\u00e9e en Belgique. <b>En 1866,<\/b> il cr\u00e9e ainsi la Ligue fran\u00e7aise de l\u2019enseignement, form\u00e9e avant tout pour rassembler et \u00e9duquer des citoyens.\n\n<b>Un an plus tard,<\/b> elle compte <b>5 000 membres<\/b> r\u00e9partis dans <b>plus de 72 d\u00e9partements.<\/b> Dans une France en mutation, plong\u00e9e dans un d\u00e9sarroi social, la Ligue r\u00e9unit alors des gens du peuple et des bourgeois cultiv\u00e9s. Tous voient dans l\u2019instruction et l\u2019\u00e9ducation, l\u2019instrument de formation \u00e0 la citoyennet\u00e9.<\/h6>\t\t\t\t<\/div>\n\t\t\t\t<\/div>\n\t\t\t\t\t<\/div>\n\t\t<\/div>\n\t\t\t\t\t<\/div>\n\t\t<\/section>\n\t\t\t\t<section class=\"elementor-section elementor-top-section elementor-element elementor-element-69c04ac elementor-section-boxed elementor-section-height-default elementor-section-height-default exad-glass-effect-no wpr-equal-height-no exad-sticky-section-no\" data-id=\"69c04ac\" data-element_type=\"section\" data-settings=\"{&quot;_ha_eqh_enable&quot;:false}\">\n\t\t\t\t\t\t<div class=\"elementor-container elementor-column-gap-default\">\n\t\t\t\t\t<div class=\"elementor-column elementor-col-100 elementor-top-column elementor-element elementor-element-b9c3925 exad-glass-effect-no exad-sticky-section-no\" data-id=\"b9c3925\" data-element_type=\"column\">\n\t\t\t<div class=\"elementor-widget-wrap elementor-element-populated\">\n\t\t\t\t\t\t<div class=\"elementor-element elementor-element-b5cafb9 exad-sticky-section-no exad-glass-effect-no elementor-widget elementor-widget-timeline-widget-addon\" data-id=\"b5cafb9\" data-element_type=\"widget\" data-widget_type=\"timeline-widget-addon.default\">\n\t\t\t\t<div class=\"elementor-widget-container\">\n\t\t\t\t\t<!-- ========= Timeline Widget Addon For Elementor 1.6.24 ========= -->\n<div id=\"twae-wrapper-b5cafb9\" class=\"twae-vertical twae-wrapper  twae-both-sided\">   \n    <div class=\"twae-start\"><\/div>    \n    <div id=\"twea-timeline-b5cafb9\" class=\"twae-timeline\" ><!-- Story Year Label --><div class=\"twae-year twae-year-container story-year-16f6758\">\n\t\t\t\t\t<div class=\"twae-year-label twae-year-text\">1871<\/div>\n\t\t\t\t<\/div><!-- Start of Story Repeater Content --><div id=\"story-16f6758\" class=\"twae-story twae-repeater-item twae-story-right twae-story-no-icon\"><!-- Story Icon --><div class=\"twae-icon\"><svg aria-hidden=\"true\" class=\"e-font-icon-svg e-fas-pen-nib\" viewBox=\"0 0 512 512\" xmlns=\"http:\/\/www.w3.org\/2000\/svg\"><path d=\"M136.6 138.79a64.003 64.003 0 0 0-43.31 41.35L0 460l14.69 14.69L164.8 324.58c-2.99-6.26-4.8-13.18-4.8-20.58 0-26.51 21.49-48 48-48s48 21.49 48 48-21.49 48-48 48c-7.4 0-14.32-1.81-20.58-4.8L37.31 497.31 52 512l279.86-93.29a64.003 64.003 0 0 0 41.35-43.31L416 224 288 96l-151.4 42.79zm361.34-64.62l-60.11-60.11c-18.75-18.75-49.16-18.75-67.91 0l-56.55 56.55 128.02 128.02 56.55-56.55c18.75-18.75 18.75-49.15 0-67.91z\"><\/path><\/svg><\/div><!-- Story Arrow --><div class=\"twae-arrow\"><\/div><!-- Start of Story Content --><div class=\"twae-content\"><!-- Story Title --><div class=\"twae-title\">Lancement d'une p\u00e9tition par Jean Mac\u00e9<\/div><!-- Story Image --><div class=\"twae-media medium\"><img fetchpriority=\"high\" decoding=\"async\" width=\"219\" height=\"300\" src=\"https:\/\/laligue53.org\/wp-content\/uploads\/2022\/03\/Jean_Mac\u00e9-219x300.jpg\" class=\"attachment-medium size-medium\" alt=\"\" srcset=\"https:\/\/laligue53.org\/wp-content\/uploads\/2022\/03\/Jean_Mac\u00e9-219x300.jpg 219w, https:\/\/laligue53.org\/wp-content\/uploads\/2022\/03\/Jean_Mac\u00e9.jpg 618w\" sizes=\"(max-width: 219px) 100vw, 219px\" \/><\/div><!-- Story Description --><div class=\"twae-description\"><p>Avec l\u2019appui de la presse lib\u00e9rale, <strong>Jean Mac\u00e9<\/strong> lance une p\u00e9tition pour une <strong><em>\u00ab instruction gratuite, obligatoire et la\u00efque \u00bb<\/em><\/strong> qui recueillera <strong>plus d\u20191,3 million de signatures.<\/strong><\/p><\/div><\/div><\/div><!-- Story Year Label --><div class=\"twae-year twae-year-container story-year-2615771\">\n\t\t\t\t\t<div class=\"twae-year-label twae-year-text\">1881<\/div>\n\t\t\t\t<\/div><!-- Start of Story Repeater Content --><div id=\"story-2615771\" class=\"twae-story twae-repeater-item twae-story-left twae-story-no-icon\"><!-- Story Icon --><div class=\"twae-icon\"><i aria-hidden=\"true\" class=\"far fa-clock\"><\/i><\/div><!-- Story Arrow --><div class=\"twae-arrow\"><\/div><!-- Start of Story Content --><div class=\"twae-content\"><!-- Story Title --><div class=\"twae-title\">La Ligue de l'enseignement devient <br>une organisation r\u00e9publicaine<\/div><!-- Story Image --><div class=\"twae-media medium\"><img decoding=\"async\" width=\"259\" height=\"300\" src=\"https:\/\/laligue53.org\/wp-content\/uploads\/2024\/04\/Gambetta_par_Etienne_Carjat_photo_recadree-259x300.jpg\" class=\"attachment-medium size-medium\" alt=\"\" srcset=\"https:\/\/laligue53.org\/wp-content\/uploads\/2024\/04\/Gambetta_par_Etienne_Carjat_photo_recadree-259x300.jpg 259w, https:\/\/laligue53.org\/wp-content\/uploads\/2024\/04\/Gambetta_par_Etienne_Carjat_photo_recadree.jpg 757w\" sizes=\"(max-width: 259px) 100vw, 259px\" \/><\/div><!-- Story Description --><div class=\"twae-description\"><p>Constitution officielle en tant qu\u2019organisation r\u00e9publicaine <br \/>de la Ligue de l'enseignement par L\u00e9on Gambetta.<\/p><\/div><\/div><\/div><!-- Story Year Label --><div class=\"twae-year twae-year-container story-year-ca601cb\">\n\t\t\t\t\t<div class=\"twae-year-label twae-year-text\">1894 <\/div>\n\t\t\t\t<\/div><!-- Start of Story Repeater Content --><div id=\"story-ca601cb\" class=\"twae-story twae-repeater-item twae-story-right twae-story-no-icon\"><!-- Story Icon --><div class=\"twae-icon\"><svg aria-hidden=\"true\" class=\"e-font-icon-svg e-fas-graduation-cap\" viewBox=\"0 0 640 512\" xmlns=\"http:\/\/www.w3.org\/2000\/svg\"><path d=\"M622.34 153.2L343.4 67.5c-15.2-4.67-31.6-4.67-46.79 0L17.66 153.2c-23.54 7.23-23.54 38.36 0 45.59l48.63 14.94c-10.67 13.19-17.23 29.28-17.88 46.9C38.78 266.15 32 276.11 32 288c0 10.78 5.68 19.85 13.86 25.65L20.33 428.53C18.11 438.52 25.71 448 35.94 448h56.11c10.24 0 17.84-9.48 15.62-19.47L82.14 313.65C90.32 307.85 96 298.78 96 288c0-11.57-6.47-21.25-15.66-26.87.76-15.02 8.44-28.3 20.69-36.72L296.6 284.5c9.06 2.78 26.44 6.25 46.79 0l278.95-85.7c23.55-7.24 23.55-38.36 0-45.6zM352.79 315.09c-28.53 8.76-52.84 3.92-65.59 0l-145.02-44.55L128 384c0 35.35 85.96 64 192 64s192-28.65 192-64l-14.18-113.47-145.03 44.56z\"><\/path><\/svg><\/div><!-- Story Arrow --><div class=\"twae-arrow\"><\/div><!-- Start of Story Content --><div class=\"twae-content\"><!-- Story Title --><div class=\"twae-title\">Cr\u00e9ation des associations la\u00efques<\/div><!-- Story Description --><div class=\"twae-description\"><p>Avec l\u2019appui des r\u00e9publicains, la Ligue de l'enseignement cr\u00e9e, dans tous les cantons, des <strong>associations la\u00efques<\/strong> qui doivent \u00eatre un instrument d\u2019\u00e9ducation civique et de coordination entre l\u2019\u00c9tat et le citoyen.<\/p><\/div><\/div><\/div><!-- Story Year Label --><div class=\"twae-year twae-year-container story-year-dc73d1d\">\n\t\t\t\t\t<div class=\"twae-year-label twae-year-text\">1901 <\/div>\n\t\t\t\t<\/div><!-- Start of Story Repeater Content --><div id=\"story-dc73d1d\" class=\"twae-story twae-repeater-item twae-story-left twae-story-no-icon\"><!-- Story Icon --><div class=\"twae-icon\"><svg aria-hidden=\"true\" class=\"e-font-icon-svg e-far-edit\" viewBox=\"0 0 576 512\" xmlns=\"http:\/\/www.w3.org\/2000\/svg\"><path d=\"M402.3 344.9l32-32c5-5 13.7-1.5 13.7 5.7V464c0 26.5-21.5 48-48 48H48c-26.5 0-48-21.5-48-48V112c0-26.5 21.5-48 48-48h273.5c7.1 0 10.7 8.6 5.7 13.7l-32 32c-1.5 1.5-3.5 2.3-5.7 2.3H48v352h352V350.5c0-2.1.8-4.1 2.3-5.6zm156.6-201.8L296.3 405.7l-90.4 10c-26.2 2.9-48.5-19.2-45.6-45.6l10-90.4L432.9 17.1c22.9-22.9 59.9-22.9 82.7 0l43.2 43.2c22.9 22.9 22.9 60 .1 82.8zM460.1 174L402 115.9 216.2 301.8l-7.3 65.3 65.3-7.3L460.1 174zm64.8-79.7l-43.2-43.2c-4.1-4.1-10.8-4.1-14.8 0L436 82l58.1 58.1 30.9-30.9c4-4.2 4-10.8-.1-14.9z\"><\/path><\/svg><\/div><!-- Story Arrow --><div class=\"twae-arrow\"><\/div><!-- Start of Story Content --><div class=\"twae-content\"><!-- Story Title --><div class=\"twae-title\">\u00c9laboration d'une loi <br>sur les associations<\/div><!-- Story Description --><div class=\"twae-description\"><p>La Ligue de l'enseignement prend une part importante \u00e0 l\u2019\u00e9laboration de la loi sur les associations, vot\u00e9e le 1er juillet.<\/p><\/div><\/div><\/div><!-- Story Year Label --><div class=\"twae-year twae-year-container story-year-6272251\">\n\t\t\t\t\t<div class=\"twae-year-label twae-year-text\">1905 <\/div>\n\t\t\t\t<\/div><!-- Start of Story Repeater Content --><div id=\"story-6272251\" class=\"twae-story twae-repeater-item twae-story-right twae-story-no-icon\"><!-- Story Icon --><div class=\"twae-icon\"><svg aria-hidden=\"true\" class=\"e-font-icon-svg e-fas-church\" viewBox=\"0 0 640 512\" xmlns=\"http:\/\/www.w3.org\/2000\/svg\"><path d=\"M464.46 246.68L352 179.2V128h48c8.84 0 16-7.16 16-16V80c0-8.84-7.16-16-16-16h-48V16c0-8.84-7.16-16-16-16h-32c-8.84 0-16 7.16-16 16v48h-48c-8.84 0-16 7.16-16 16v32c0 8.84 7.16 16 16 16h48v51.2l-112.46 67.48A31.997 31.997 0 0 0 160 274.12V512h96v-96c0-35.35 28.65-64 64-64s64 28.65 64 64v96h96V274.12c0-11.24-5.9-21.66-15.54-27.44zM0 395.96V496c0 8.84 7.16 16 16 16h112V320L19.39 366.54A32.024 32.024 0 0 0 0 395.96zm620.61-29.42L512 320v192h112c8.84 0 16-7.16 16-16V395.96c0-12.8-7.63-24.37-19.39-29.42z\"><\/path><\/svg><\/div><!-- Story Arrow --><div class=\"twae-arrow\"><\/div><!-- Start of Story Content --><div class=\"twae-content\"><!-- Story Title --><div class=\"twae-title\">Loi de s\u00e9paration de l'\u00e9glise et de l'\u00c9tat<\/div><!-- Story Description --><div class=\"twae-description\"><p>Si tous les Ligueurs sont d\u2019accord pour une s\u00e9paration des \u00e9glises et de l\u2019\u00c9tat, ils divergent sur les modalit\u00e9s. Face \u00e0 ceux qui, comme <strong>\u00c9mile Combe<\/strong>s, veulent une loi contr\u00f4lant les \u00e9glises, <strong>Aristide Briand<\/strong> fait voter, avec l\u2019appui de <strong>Jean Jaur\u00e8s<\/strong>, une loi qui pr\u00e9cise <strong><em>\u00ab La R\u00e9publique assure la libert\u00e9 de conscience. Elle garantit le libre exercice des cultes, sous les seules restrictions \u00e9dict\u00e9es dans l\u2019int\u00e9r\u00eat de l\u2019ordre public. (\u2026) La R\u00e9publique ne reconna\u00eet, ne salarie et ne subventionne aucun culte. \u00bb<\/em><\/strong><\/p><\/div><\/div><\/div><!-- Story Year Label --><div class=\"twae-year twae-year-container story-year-134a5d9\">\n\t\t\t\t\t<div class=\"twae-year-label twae-year-text\">1914 <\/div>\n\t\t\t\t<\/div><!-- Start of Story Repeater Content --><div id=\"story-134a5d9\" class=\"twae-story twae-repeater-item twae-story-left twae-story-no-icon\"><!-- Story Icon --><div class=\"twae-icon\"><svg aria-hidden=\"true\" class=\"e-font-icon-svg e-fas-pencil-ruler\" viewBox=\"0 0 512 512\" xmlns=\"http:\/\/www.w3.org\/2000\/svg\"><path d=\"M109.46 244.04l134.58-134.56-44.12-44.12-61.68 61.68a7.919 7.919 0 0 1-11.21 0l-11.21-11.21c-3.1-3.1-3.1-8.12 0-11.21l61.68-61.68-33.64-33.65C131.47-3.1 111.39-3.1 99 9.29L9.29 99c-12.38 12.39-12.39 32.47 0 44.86l100.17 100.18zm388.47-116.8c18.76-18.76 18.75-49.17 0-67.93l-45.25-45.25c-18.76-18.76-49.18-18.76-67.95 0l-46.02 46.01 113.2 113.2 46.02-46.03zM316.08 82.71l-297 296.96L.32 487.11c-2.53 14.49 10.09 27.11 24.59 24.56l107.45-18.84L429.28 195.9 316.08 82.71zm186.63 285.43l-33.64-33.64-61.68 61.68c-3.1 3.1-8.12 3.1-11.21 0l-11.21-11.21c-3.09-3.1-3.09-8.12 0-11.21l61.68-61.68-44.14-44.14L267.93 402.5l100.21 100.2c12.39 12.39 32.47 12.39 44.86 0l89.71-89.7c12.39-12.39 12.39-32.47 0-44.86z\"><\/path><\/svg><\/div><!-- Story Arrow --><div class=\"twae-arrow\"><\/div><!-- Start of Story Content --><div class=\"twae-content\"><!-- Story Title --><div class=\"twae-title\">Le r\u00f4le de l'\u00e9ducation<\/div><!-- Story Image --><div class=\"twae-media large\"><img decoding=\"async\" width=\"647\" height=\"446\" src=\"https:\/\/laligue53.org\/wp-content\/uploads\/2024\/04\/Copie-ecole.jpg\" class=\"attachment-large size-large\" alt=\"\" srcset=\"https:\/\/laligue53.org\/wp-content\/uploads\/2024\/04\/Copie-ecole.jpg 647w, https:\/\/laligue53.org\/wp-content\/uploads\/2024\/04\/Copie-ecole-300x207.jpg 300w\" sizes=\"(max-width: 647px) 100vw, 647px\" \/><\/div><!-- Story Description --><div class=\"twae-description\"><p>A la veille de la premi\u00e8re guerre mondiale, la Ligue de l'enseignement, organis\u00e9e, active et bien implant\u00e9e, est un v\u00e9ritable creuset r\u00e9publicain. Ses \u0153uvres postscolaires sont fortement soutenues par les pouvoirs publics. Pour aider les enseignants impliqu\u00e9s dans ces \u0153uvres, la Ligue envoie, dans tout le pays, des conf\u00e9renciers munis de livres et de mat\u00e9riel scientifique pour expliquer le r\u00f4le de l\u2019\u00e9ducation. Parmi eux, on compte de futurs pr\u00e9sidents de la R\u00e9publique comme <strong>Raymond Poincar\u00e9<\/strong> ou <strong>Paul Doumer<\/strong>.<\/p><p>Durant la guerre, la Ligue de l'enseignement met ses capacit\u00e9s de mobilisation au service du patriotisme. Elle perd de nombreux animateurs au combat, et surtout, apr\u00e8s cette p\u00e9riode d\u2019union avec ses anciens adversaires politiques, sa vigueur id\u00e9ologique est alt\u00e9r\u00e9e.<\/p><\/div><\/div><\/div><!-- Story Year Label --><div class=\"twae-year twae-year-container story-year-610a1d2\">\n\t\t\t\t\t<div class=\"twae-year-label twae-year-text\">1925 <\/div>\n\t\t\t\t<\/div><!-- Start of Story Repeater Content --><div id=\"story-610a1d2\" class=\"twae-story twae-repeater-item twae-story-right twae-story-no-icon\"><!-- Story Icon --><div class=\"twae-icon\"><svg aria-hidden=\"true\" class=\"e-font-icon-svg e-fas-network-wired\" viewBox=\"0 0 640 512\" xmlns=\"http:\/\/www.w3.org\/2000\/svg\"><path d=\"M640 264v-16c0-8.84-7.16-16-16-16H344v-40h72c17.67 0 32-14.33 32-32V32c0-17.67-14.33-32-32-32H224c-17.67 0-32 14.33-32 32v128c0 17.67 14.33 32 32 32h72v40H16c-8.84 0-16 7.16-16 16v16c0 8.84 7.16 16 16 16h104v40H64c-17.67 0-32 14.33-32 32v128c0 17.67 14.33 32 32 32h160c17.67 0 32-14.33 32-32V352c0-17.67-14.33-32-32-32h-56v-40h304v40h-56c-17.67 0-32 14.33-32 32v128c0 17.67 14.33 32 32 32h160c17.67 0 32-14.33 32-32V352c0-17.67-14.33-32-32-32h-56v-40h104c8.84 0 16-7.16 16-16zM256 128V64h128v64H256zm-64 320H96v-64h96v64zm352 0h-96v-64h96v64z\"><\/path><\/svg><\/div><!-- Story Arrow --><div class=\"twae-arrow\"><\/div><!-- Start of Story Content --><div class=\"twae-content\"><!-- Story Title --><div class=\"twae-title\">Organisation de la <br> Ligue de l'enseignement<\/div><!-- Story Description --><div class=\"twae-description\"><p>La Ligue de l'enseignement modifie profond\u00e9ment son organisation et prend le sous-titre de Conf\u00e9d\u00e9ration g\u00e9n\u00e9rale des \u0153uvres la\u00efques scolaires, postscolaires, d\u2019\u00e9ducation et de solidarit\u00e9 sociale. Un an plus tard, il est d\u00e9cid\u00e9 de cr\u00e9er une f\u00e9d\u00e9ration par d\u00e9partement (il en existe d\u00e9j\u00e0 32 \u00e0 l\u2019\u00e9poque). Port\u00e9e par un grand rassemblement la\u00efque, la Ligue retrouve un r\u00f4le d\u00e9terminant dans la d\u00e9fense de l\u2019\u00e9cole publique.<\/p><\/div><\/div><\/div><!-- Story Year Label --><div class=\"twae-year twae-year-container story-year-9f052b2\">\n\t\t\t\t\t<div class=\"twae-year-label twae-year-text\">1928 <\/div>\n\t\t\t\t<\/div><!-- Start of Story Repeater Content --><div id=\"story-9f052b2\" class=\"twae-story twae-repeater-item twae-story-left twae-story-no-icon\"><!-- Story Icon --><div class=\"twae-icon\"><svg aria-hidden=\"true\" class=\"e-font-icon-svg e-fas-boxes\" viewBox=\"0 0 576 512\" xmlns=\"http:\/\/www.w3.org\/2000\/svg\"><path d=\"M560 288h-80v96l-32-21.3-32 21.3v-96h-80c-8.8 0-16 7.2-16 16v192c0 8.8 7.2 16 16 16h224c8.8 0 16-7.2 16-16V304c0-8.8-7.2-16-16-16zm-384-64h224c8.8 0 16-7.2 16-16V16c0-8.8-7.2-16-16-16h-80v96l-32-21.3L256 96V0h-80c-8.8 0-16 7.2-16 16v192c0 8.8 7.2 16 16 16zm64 64h-80v96l-32-21.3L96 384v-96H16c-8.8 0-16 7.2-16 16v192c0 8.8 7.2 16 16 16h224c8.8 0 16-7.2 16-16V304c0-8.8-7.2-16-16-16z\"><\/path><\/svg><\/div><!-- Story Arrow --><div class=\"twae-arrow\"><\/div><!-- Start of Story Content --><div class=\"twae-content\"><!-- Story Title --><div class=\"twae-title\">La Ligue de l'enseignement <br>cr\u00e9e des unions sp\u00e9cialis\u00e9es<\/div><!-- Story Description --><div class=\"twae-description\"><p>Alors que les activit\u00e9s de loisirs se d\u00e9veloppent, en particulier avec le Front populaire, la Ligue cr\u00e9e des unions sp\u00e9cialis\u00e9es :<\/p><p><strong>1928 :<\/strong> les activit\u00e9s sportives avec l\u2019Union fran\u00e7aise des \u0153uvres la\u00efques d\u2019\u00e9ducation physique (UFOLEP) \/ <strong>1933 :<\/strong> l\u2019\u00e9ducation artistique (UFOLEA) \/ <strong>1934 :<\/strong> le cin\u00e9ma (UFOCEL) \/ <strong>1938 :<\/strong> les vacances (UFO-PATRONAGE) \/ <strong>1939 :<\/strong> le sport scolaire (USEP).<\/p><\/div><\/div><\/div><!-- Story Year Label --><div class=\"twae-year twae-year-container story-year-2cf31f7\">\n\t\t\t\t\t<div class=\"twae-year-label twae-year-text\">1935 <\/div>\n\t\t\t\t<\/div><!-- Start of Story Repeater Content --><div id=\"story-2cf31f7\" class=\"twae-story twae-repeater-item twae-story-right twae-story-no-icon\"><!-- Story Icon --><div class=\"twae-icon\"><svg aria-hidden=\"true\" class=\"e-font-icon-svg e-fas-fist-raised\" viewBox=\"0 0 384 512\" xmlns=\"http:\/\/www.w3.org\/2000\/svg\"><path d=\"M255.98 160V16c0-8.84-7.16-16-16-16h-32c-8.84 0-16 7.16-16 16v146.93c5.02-1.78 10.34-2.93 15.97-2.93h48.03zm128 95.99c-.01-35.34-28.66-63.99-63.99-63.99H207.85c-8.78 0-15.9 7.07-15.9 15.85v.56c0 26.27 21.3 47.59 47.57 47.59h35.26c9.68 0 13.2 3.58 13.2 8v16.2c0 4.29-3.59 7.78-7.88 8-44.52 2.28-64.16 24.71-96.05 72.55l-6.31 9.47a7.994 7.994 0 0 1-11.09 2.22l-13.31-8.88a7.994 7.994 0 0 1-2.22-11.09l6.31-9.47c15.73-23.6 30.2-43.26 47.31-58.08-17.27-5.51-31.4-18.12-38.87-34.45-6.59 3.41-13.96 5.52-21.87 5.52h-32c-12.34 0-23.49-4.81-32-12.48C71.48 251.19 60.33 256 48 256H16c-5.64 0-10.97-1.15-16-2.95v77.93c0 33.95 13.48 66.5 37.49 90.51L63.99 448v64h255.98v-63.96l35.91-35.92A96.035 96.035 0 0 0 384 344.21l-.02-88.22zm-32.01-90.09V48c0-8.84-7.16-16-16-16h-32c-8.84 0-16 7.16-16 16v112h32c11.28 0 21.94 2.31 32 5.9zM16 224h32c8.84 0 16-7.16 16-16V80c0-8.84-7.16-16-16-16H16C7.16 64 0 71.16 0 80v128c0 8.84 7.16 16 16 16zm95.99 0h32c8.84 0 16-7.16 16-16V48c0-8.84-7.16-16-16-16h-32c-8.84 0-16 7.16-16 16v160c0 8.84 7.16 16 16 16z\"><\/path><\/svg><\/div><!-- Story Arrow --><div class=\"twae-arrow\"><\/div><!-- Start of Story Content --><div class=\"twae-content\"><!-- Story Title --><div class=\"twae-title\">La Ligue de l'enseignement <br>adh\u00e8re au Comit\u00e9 national <br>de rassemblement populaire<\/div><!-- Story Description --><div class=\"twae-description\"><p>La Ligue de l'enseignement marque son engagement \u00e0 gauche et son opposition au fascisme en adh\u00e9rant au Comit\u00e9 national de rassemblement populaire et d\u00e9fend la nationalisation de l\u2019enseignement.<\/p><\/div><\/div><\/div><!-- Story Year Label --><div class=\"twae-year twae-year-container story-year-44677d1\">\n\t\t\t\t\t<div class=\"twae-year-label twae-year-text\">1939<br>1945<\/div>\n\t\t\t\t<\/div><!-- Start of Story Repeater Content --><div id=\"story-44677d1\" class=\"twae-story twae-repeater-item twae-story-left twae-story-no-icon\"><!-- Story Icon --><div class=\"twae-icon\"><svg aria-hidden=\"true\" class=\"e-font-icon-svg e-fas-hand-rock\" viewBox=\"0 0 512 512\" xmlns=\"http:\/\/www.w3.org\/2000\/svg\"><path d=\"M464.8 80c-26.9-.4-48.8 21.2-48.8 48h-8V96.8c0-26.3-20.9-48.3-47.2-48.8-26.9-.4-48.8 21.2-48.8 48v32h-8V80.8c0-26.3-20.9-48.3-47.2-48.8-26.9-.4-48.8 21.2-48.8 48v48h-8V96.8c0-26.3-20.9-48.3-47.2-48.8-26.9-.4-48.8 21.2-48.8 48v136l-8-7.1v-48.1c0-26.3-20.9-48.3-47.2-48.8C21.9 127.6 0 149.2 0 176v66.4c0 27.4 11.7 53.5 32.2 71.8l111.7 99.3c10.2 9.1 16.1 22.2 16.1 35.9v6.7c0 13.3 10.7 24 24 24h240c13.3 0 24-10.7 24-24v-2.9c0-12.8 2.6-25.5 7.5-37.3l49-116.3c5-11.8 7.5-24.5 7.5-37.3V128.8c0-26.3-20.9-48.4-47.2-48.8z\"><\/path><\/svg><\/div><!-- Story Arrow --><div class=\"twae-arrow\"><\/div><!-- Start of Story Content --><div class=\"twae-content\"><!-- Story Title --><div class=\"twae-title\">La Ligue de l'enseignement <br>participe activement \u00e0 la R\u00e9sistance<\/div><!-- Story Description --><div class=\"twae-description\"><p>Dans la France occup\u00e9e, la Ligue de l'enseignement devient la cible de l\u2019ordre moral p\u00e9tainiste. Ses biens sont confisqu\u00e9s, \u00e0 l\u2019image de son si\u00e8ge parisien o\u00f9 sont install\u00e9s les \u00ab Jeunes du Mar\u00e9chal \u00bb. Si elle participe activement \u00e0 la R\u00e9sistance, elle se trouve d\u00e9munie et affaiblie \u00e0 la Lib\u00e9ration.<\/p><\/div><\/div><\/div><!-- Story Year Label --><div class=\"twae-year twae-year-container story-year-fb5cdad\">\n\t\t\t\t\t<div class=\"twae-year-label twae-year-text\">1947 <\/div>\n\t\t\t\t<\/div><!-- Start of Story Repeater Content --><div id=\"story-fb5cdad\" class=\"twae-story twae-repeater-item twae-story-right twae-story-no-icon\"><!-- Story Icon --><div class=\"twae-icon\"><svg aria-hidden=\"true\" class=\"e-font-icon-svg e-fas-school\" viewBox=\"0 0 640 512\" xmlns=\"http:\/\/www.w3.org\/2000\/svg\"><path d=\"M0 224v272c0 8.84 7.16 16 16 16h80V192H32c-17.67 0-32 14.33-32 32zm360-48h-24v-40c0-4.42-3.58-8-8-8h-16c-4.42 0-8 3.58-8 8v64c0 4.42 3.58 8 8 8h48c4.42 0 8-3.58 8-8v-16c0-4.42-3.58-8-8-8zm137.75-63.96l-160-106.67a32.02 32.02 0 0 0-35.5 0l-160 106.67A32.002 32.002 0 0 0 128 138.66V512h128V368c0-8.84 7.16-16 16-16h96c8.84 0 16 7.16 16 16v144h128V138.67c0-10.7-5.35-20.7-14.25-26.63zM320 256c-44.18 0-80-35.82-80-80s35.82-80 80-80 80 35.82 80 80-35.82 80-80 80zm288-64h-64v320h80c8.84 0 16-7.16 16-16V224c0-17.67-14.33-32-32-32z\"><\/path><\/svg><\/div><!-- Story Arrow --><div class=\"twae-arrow\"><\/div><!-- Start of Story Content --><div class=\"twae-content\"><!-- Story Title --><div class=\"twae-title\">Cr\u00e9ation de la FCPE<\/div><!-- Story Description --><div class=\"twae-description\"><p>La Ligue de l'enseignement et le <strong>Syndicat National des Instituteurs<\/strong> <strong>(SNI)<\/strong> cr\u00e9ent la <strong>F\u00e9d\u00e9ration des Conseils de Parents d\u2019\u00c9l\u00e8ves (FCPE)<\/strong> pour riposter \u00e0 la mobilisation des parents d\u2019\u00e9l\u00e8ves de l\u2019enseignement priv\u00e9.<\/p><\/div><\/div><\/div><!-- Story Year Label --><div class=\"twae-year twae-year-container story-year-39aed5a\">\n\t\t\t\t\t<div class=\"twae-year-label twae-year-text\">IVe R\u00e9p.<\/div>\n\t\t\t\t<\/div><!-- Start of Story Repeater Content --><div id=\"story-39aed5a\" class=\"twae-story twae-repeater-item twae-story-left twae-story-no-icon\"><!-- Story Label --><div class=\"twae-labels\"><div class=\"twae-label-big\">IV\u00e8me R\u00e9publique<\/div><\/div><!-- Story Icon --><div class=\"twae-icon\"><svg aria-hidden=\"true\" class=\"e-font-icon-svg e-fas-theater-masks\" viewBox=\"0 0 640 512\" xmlns=\"http:\/\/www.w3.org\/2000\/svg\"><path d=\"M206.86 245.15c-35.88 10.45-59.95 41.2-57.53 74.1 11.4-12.72 28.81-23.7 49.9-30.92l7.63-43.18zM95.81 295L64.08 115.49c-.29-1.62.28-2.62.24-2.65 57.76-32.06 123.12-49.01 189.01-49.01 1.61 0 3.23.17 4.85.19 13.95-13.47 31.73-22.83 51.59-26 18.89-3.02 38.05-4.55 57.18-5.32-9.99-13.95-24.48-24.23-41.77-27C301.27 1.89 277.24 0 253.32 0 176.66 0 101.02 19.42 33.2 57.06 9.03 70.48-3.92 98.48 1.05 126.58l31.73 179.51c14.23 80.52 136.33 142.08 204.45 142.08 3.59 0 6.75-.46 10.01-.8-13.52-17.08-28.94-40.48-39.5-67.58-47.61-12.98-106.06-51.62-111.93-84.79zm97.55-137.46c-.73-4.12-2.23-7.87-4.07-11.4-8.25 8.91-20.67 15.75-35.32 18.32-14.65 2.58-28.67.4-39.48-5.17-.52 3.94-.64 7.98.09 12.1 3.84 21.7 24.58 36.19 46.34 32.37 21.75-3.82 36.28-24.52 32.44-46.22zM606.8 120.9c-88.98-49.38-191.43-67.41-291.98-51.35-27.31 4.36-49.08 26.26-54.04 54.36l-31.73 179.51c-15.39 87.05 95.28 196.27 158.31 207.35 63.03 11.09 204.47-53.79 219.86-140.84l31.73-179.51c4.97-28.11-7.98-56.11-32.15-69.52zm-273.24 96.8c3.84-21.7 24.58-36.19 46.34-32.36 21.76 3.83 36.28 24.52 32.45 46.22-.73 4.12-2.23 7.87-4.07 11.4-8.25-8.91-20.67-15.75-35.32-18.32-14.65-2.58-28.67-.4-39.48 5.17-.53-3.95-.65-7.99.08-12.11zm70.47 198.76c-55.68-9.79-93.52-59.27-89.04-112.9 20.6 25.54 56.21 46.17 99.49 53.78 43.28 7.61 83.82.37 111.93-16.6-14.18 51.94-66.71 85.51-122.38 75.72zm130.3-151.34c-8.25-8.91-20.68-15.75-35.33-18.32-14.65-2.58-28.67-.4-39.48 5.17-.52-3.94-.64-7.98.09-12.1 3.84-21.7 24.58-36.19 46.34-32.37 21.75 3.83 36.28 24.52 32.45 46.22-.73 4.13-2.23 7.88-4.07 11.4z\"><\/path><\/svg><\/div><!-- Story Arrow --><div class=\"twae-arrow\"><\/div><!-- Start of Story Content --><div class=\"twae-content\"><!-- Story Title --><div class=\"twae-title\">La Ligue de l'enseignement d\u00e9veloppe des activit\u00e9s culturelles, sportives et sociales, en particulier en milieu rural<\/div><!-- Story Description --><div class=\"twae-description\"><p>La Ligue de l'enseignement d\u00e9veloppe des activit\u00e9s culturelles, sportives et sociales, en particulier en milieu rural, o\u00f9 les instituteurs jouent un r\u00f4le essentiel dans les amicales la\u00efques, les cin\u00e9-clubs ou l\u2019organisation des f\u00eates. <strong>En 1954<\/strong>, la Ligue de l'enseignement lance un <strong>\u00ab Manifeste au peuple de France \u00bb<\/strong>. Elle y revendique la nationalisation de l\u2019enseignement, condamne la guerre en Indochine et le colonialisme, et fustige une <strong>\u00ab Europe vaticane \u00bb<\/strong> dont les principes iraient \u00e0 l\u2019encontre de la D\u00e9claration des droits de l\u2019homme.<\/p><\/div><\/div><\/div><!-- Story Year Label --><div class=\"twae-year twae-year-container story-year-0f18e77\">\n\t\t\t\t\t<div class=\"twae-year-label twae-year-text\">Ve R\u00e9p.<\/div>\n\t\t\t\t<\/div><!-- Start of Story Repeater Content --><div id=\"story-0f18e77\" class=\"twae-story twae-repeater-item twae-story-right twae-story-no-icon\"><!-- Story Label --><div class=\"twae-labels\"><div class=\"twae-label-big\">V\u00e8me R\u00e9publique<\/div><\/div><!-- Story Icon --><div class=\"twae-icon\"><i aria-hidden=\"true\" class=\"far fa-clock\"><\/i><\/div><!-- Story Arrow --><div class=\"twae-arrow\"><\/div><!-- Start of Story Content --><div class=\"twae-content\"><!-- Story Title --><div class=\"twae-title\">L\u2019animation socioculturelle devient<br> une affaire de professionnels<\/div><!-- Story Description --><div class=\"twae-description\"><p>La soci\u00e9t\u00e9 fran\u00e7aise se transforme (urbanisation, consommation\u2026) et avec elle la vie associative. L\u2019animation socioculturelle devient une affaire de professionnels. Dans un contexte politique qui lui est hostile, la Ligue de l'enseignement va traverser une p\u00e9riode difficile. Les partisans de l\u2019enseignement priv\u00e9 obtiennent une Loi leur accordant un financement important pour associer les \u00e9tablissements priv\u00e9s au service public (Loi Debr\u00e9 de 1959).<\/p><\/div><\/div><\/div><!-- Story Year Label --><div class=\"twae-year twae-year-container story-year-7a54970\">\n\t\t\t\t\t<div class=\"twae-year-label twae-year-text\">1960<\/div>\n\t\t\t\t<\/div><!-- Start of Story Repeater Content --><div id=\"story-7a54970\" class=\"twae-story twae-repeater-item twae-story-left twae-story-no-icon\"><!-- Story Icon --><div class=\"twae-icon\"><i aria-hidden=\"true\" class=\"far fa-clock\"><\/i><\/div><!-- Story Arrow --><div class=\"twae-arrow\"><\/div><!-- Start of Story Content --><div class=\"twae-content\"><!-- Story Title --><div class=\"twae-title\">Lancement d'une p\u00e9tition <br>contre la Loi Debr\u00e9<\/div><!-- Story Description --><div class=\"twae-description\"><p>Le Comit\u00e9 National d\u2019Action La\u00efque (CNAL), dont fait partie la Ligue de l'enseignement, s\u2019oppose \u00e0 la Loi Debr\u00e9 et lance une p\u00e9tition qui recueille <strong>11 millions de signatures.<\/strong> Une grande manifestation est organis\u00e9e le 19 juin \u00e0 Vincennes o\u00f9 sera prononc\u00e9 un serment solennel (Serment de Vincennes) par le pr\u00e9sident <strong>Henri Faur\u00e9<\/strong>.<\/p><\/div><\/div><\/div><!-- Story Year Label --><div class=\"twae-year twae-year-container story-year-de6d374\">\n\t\t\t\t\t<div class=\"twae-year-label twae-year-text\">1966 <\/div>\n\t\t\t\t<\/div><!-- Start of Story Repeater Content --><div id=\"story-de6d374\" class=\"twae-story twae-repeater-item twae-story-right twae-story-no-icon\"><!-- Story Icon --><div class=\"twae-icon\"><i aria-hidden=\"true\" class=\"far fa-clock\"><\/i><\/div><!-- Story Arrow --><div class=\"twae-arrow\"><\/div><!-- Start of Story Content --><div class=\"twae-content\"><!-- Story Title --><div class=\"twae-title\">R\u00e9forme des statuts <br>de la Ligue de l'enseignement<\/div><!-- Story Description --><div class=\"twae-description\"><p>Confront\u00e9e \u00e0 la modernit\u00e9 et \u00e0 l\u2019\u00e9volution des pratiques associatives, la Ligue de l'enseignement r\u00e9forme ses statuts. Les \u00ab associations \u00e0 base nationale \u00bb quittent la Ligue de l'enseignement et signent avec elle des conventions de collaboration, un conseil d\u2019administration remplace le conseil g\u00e9n\u00e9ral\u2026 Elle clarifie son champ de pr\u00e9occupation et promeut d\u00e9sormais l\u2019\u00e9ducation permanente.<\/p><\/div><\/div><\/div><!-- Story Year Label --><div class=\"twae-year twae-year-container story-year-d84d119\">\n\t\t\t\t\t<div class=\"twae-year-label twae-year-text\">1977 <\/div>\n\t\t\t\t<\/div><!-- Start of Story Repeater Content --><div id=\"story-d84d119\" class=\"twae-story twae-repeater-item twae-story-left twae-story-no-icon\"><!-- Story Icon --><div class=\"twae-icon\"><i aria-hidden=\"true\" class=\"far fa-clock\"><\/i><\/div><!-- Story Arrow --><div class=\"twae-arrow\"><\/div><!-- Start of Story Content --><div class=\"twae-content\"><!-- Story Title --><div class=\"twae-title\">La vie associative locale se d\u00e9veloppe<\/div><!-- Story Description --><div class=\"twae-description\"><p>De nombreux responsables associatifs sont \u00e9lus \u00e0 l\u2019occasion des \u00e9lections municipales. Mais au lieu de contribuer au d\u00e9veloppement de la vie associative autonome, ils pr\u00e9f\u00e8rent g\u00e9rer directement les activit\u00e9s mises en place. Les associations locales perdent alors leurs militants et assistent \u00e0 la <br \/>\u00ab municipalisation \u00bb de beaucoup d\u2019activit\u00e9s qu\u2019elles organisaient jusqu\u2019alors. La vie associative locale se d\u00e9veloppe malgr\u00e9 tout car de plus en plus de Fran\u00e7ais acc\u00e8dent aux activit\u00e9s de loisirs. La Ligue de l'enseignement se concentre sur la gestion de ces activit\u00e9s.<\/p><\/div><\/div><\/div><!-- Story Year Label --><div class=\"twae-year twae-year-container story-year-7964d9b\">\n\t\t\t\t\t<div class=\"twae-year-label twae-year-text\">1980 <\/div>\n\t\t\t\t<\/div><!-- Start of Story Repeater Content --><div id=\"story-7964d9b\" class=\"twae-story twae-repeater-item twae-story-right twae-story-no-icon\"><!-- Story Icon --><div class=\"twae-icon\"><i aria-hidden=\"true\" class=\"far fa-clock\"><\/i><\/div><!-- Story Arrow --><div class=\"twae-arrow\"><\/div><!-- Start of Story Content --><div class=\"twae-content\"><!-- Story Title --><div class=\"twae-title\">La Ligue de l'enseignement cr\u00e9e l\u2019Institut national de formation et de recherche pour l\u2019\u00e9ducation permanente<\/div><!-- Story Description --><div class=\"twae-description\"><p>Estimant la r\u00e9ponse du service public insuffisante en mati\u00e8re de formation professionnelle, la Ligue de l'enseignement cr\u00e9e l\u2019Institut national de formation et de recherche pour l\u2019\u00e9ducation permanente (Infrep) et des instituts r\u00e9gionaux.<\/p><\/div><\/div><\/div><!-- Story Year Label --><div class=\"twae-year twae-year-container story-year-c0b5024\">\n\t\t\t\t\t<div class=\"twae-year-label twae-year-text\">1987<\/div>\n\t\t\t\t<\/div><!-- Start of Story Repeater Content --><div id=\"story-c0b5024\" class=\"twae-story twae-repeater-item twae-story-left twae-story-no-icon\"><!-- Story Label --><div class=\"twae-labels\"><div class=\"twae-label-big\">\u00e0 partir de 1987<\/div><\/div><!-- Story Icon --><div class=\"twae-icon\"><i aria-hidden=\"true\" class=\"far fa-clock\"><\/i><\/div><!-- Story Arrow --><div class=\"twae-arrow\"><\/div><!-- Start of Story Content --><div class=\"twae-content\"><!-- Story Title --><div class=\"twae-title\">Cr\u00e9ation des Cercles Condorcet<\/div><!-- Story Description --><div class=\"twae-description\"><p>La Ligue de l'enseignement cr\u00e9e, dans de nombreux d\u00e9partements, des <strong>Cercles Condorcet<\/strong> pour d\u00e9velopper r\u00e9flexion et d\u00e9bat entre citoyens sur la d\u00e9mocratie.<\/p><\/div><\/div><\/div><!-- Story Year Label --><div class=\"twae-year twae-year-container story-year-1344b97\">\n\t\t\t\t\t<div class=\"twae-year-label twae-year-text\">1989 <\/div>\n\t\t\t\t<\/div><!-- Start of Story Repeater Content --><div id=\"story-1344b97\" class=\"twae-story twae-repeater-item twae-story-right twae-story-no-icon\"><!-- Story Icon --><div class=\"twae-icon\"><i aria-hidden=\"true\" class=\"far fa-clock\"><\/i><\/div><!-- Story Arrow --><div class=\"twae-arrow\"><\/div><!-- Start of Story Content --><div class=\"twae-content\"><!-- Story Title --><div class=\"twae-title\">Pr\u00e9cision du concept de La\u00efcit\u00e9<\/div><!-- Story Description --><div class=\"twae-description\"><p>Apr\u00e8s plusieurs ann\u00e9es de r\u00e9flexion en interne, la Ligue de l'enseignement pr\u00e9cise sa conception de la <strong>la\u00efcit\u00e9<\/strong> conjuguant solidarit\u00e9 et citoyennet\u00e9.<\/p><\/div><\/div><\/div><!-- Story Year Label --><div class=\"twae-year twae-year-container story-year-eab5866\">\n\t\t\t\t\t<div class=\"twae-year-label twae-year-text\">1992 <\/div>\n\t\t\t\t<\/div><!-- Start of Story Repeater Content --><div id=\"story-eab5866\" class=\"twae-story twae-repeater-item twae-story-left twae-story-no-icon\"><!-- Story Icon --><div class=\"twae-icon\"><i aria-hidden=\"true\" class=\"far fa-clock\"><\/i><\/div><!-- Story Arrow --><div class=\"twae-arrow\"><\/div><!-- Start of Story Content --><div class=\"twae-content\"><!-- Story Title --><div class=\"twae-title\">Lancement de la labellisation CED<\/div><!-- Story Description --><div class=\"twae-description\"><p>Une d\u00e9l\u00e9gation de la Ligue de l'enseignement participe au <strong>Sommet de la Terre \u00e0 Rio au Br\u00e9sil.<\/strong> Elle lance par la suite la labellisation CED (citoyennet\u00e9 \u2013 environnement \u2013 d\u00e9veloppement durable) pour ses centres de vacances, ses classes de d\u00e9couvertes et ses accueils de loisirs.<\/p><\/div><\/div><\/div><!-- Story Year Label --><div class=\"twae-year twae-year-container story-year-2759bb1\">\n\t\t\t\t\t<div class=\"twae-year-label twae-year-text\">1998<\/div>\n\t\t\t\t<\/div><!-- Start of Story Repeater Content --><div id=\"story-2759bb1\" class=\"twae-story twae-repeater-item twae-story-right twae-story-no-icon\"><!-- Story Icon --><div class=\"twae-icon\"><i aria-hidden=\"true\" class=\"far fa-clock\"><\/i><\/div><!-- Story Arrow --><div class=\"twae-arrow\"><\/div><!-- Start of Story Content --><div class=\"twae-content\"><!-- Story Title --><div class=\"twae-title\">La Ligue de l'enseignement cr\u00e9e les Rencontres nationales de l\u2019\u00e9ducation<\/div><!-- Story Description --><div class=\"twae-description\"><p>Avec la ville de Rennes, la Ligue de l'enseignement cr\u00e9e les <strong>Rencontres nationales de l\u2019\u00e9ducation.<\/strong> Elle per\u00e7oit tr\u00e8s t\u00f4t l\u2019importance des politiques \u00e9ducatives territoriales et l\u2019indispensable coop\u00e9ration entre tous les acteurs \u00e9ducatifs.<\/p><\/div><\/div><\/div><!-- Story Year Label --><div class=\"twae-year twae-year-container story-year-a9fff96\">\n\t\t\t\t\t<div class=\"twae-year-label twae-year-text\">1999 <\/div>\n\t\t\t\t<\/div><!-- Start of Story Repeater Content --><div id=\"story-a9fff96\" class=\"twae-story twae-repeater-item twae-story-left twae-story-no-icon\"><!-- Story Icon --><div class=\"twae-icon\"><svg aria-hidden=\"true\" class=\"e-font-icon-svg e-fas-book-reader\" viewBox=\"0 0 512 512\" xmlns=\"http:\/\/www.w3.org\/2000\/svg\"><path d=\"M352 96c0-53.02-42.98-96-96-96s-96 42.98-96 96 42.98 96 96 96 96-42.98 96-96zM233.59 241.1c-59.33-36.32-155.43-46.3-203.79-49.05C13.55 191.13 0 203.51 0 219.14v222.8c0 14.33 11.59 26.28 26.49 27.05 43.66 2.29 131.99 10.68 193.04 41.43 9.37 4.72 20.48-1.71 20.48-11.87V252.56c-.01-4.67-2.32-8.95-6.42-11.46zm248.61-49.05c-48.35 2.74-144.46 12.73-203.78 49.05-4.1 2.51-6.41 6.96-6.41 11.63v245.79c0 10.19 11.14 16.63 20.54 11.9 61.04-30.72 149.32-39.11 192.97-41.4 14.9-.78 26.49-12.73 26.49-27.06V219.14c-.01-15.63-13.56-28.01-29.81-27.09z\"><\/path><\/svg><\/div><!-- Story Arrow --><div class=\"twae-arrow\"><\/div><!-- Start of Story Content --><div class=\"twae-content\"><!-- Story Title --><div class=\"twae-title\">La Ligue de l'enseignement <br> rejoint Lire et faire lire<\/div><!-- Story Description --><div class=\"twae-description\"><p>La Ligue de l'enseignement rejoint<strong> Lire et faire lire<\/strong>, un programme \u00e9ducatif et culturel en faveur de la lecture cr\u00e9\u00e9e par l\u2019\u00e9crivain<strong> Jean Dujardin<\/strong> et <strong>Pascal Gu\u00e9n\u00e9<\/strong>, ancien pr\u00e9sident de l\u2019association Relais civique. Aujourd\u2019hui, le programme est port\u00e9 par l\u2019association du m\u00eame nom, g\u00e9r\u00e9e par l\u2019UNAF (Union Nationale des Associations Familiales) et la Ligue de l\u2019enseignement et compte <strong>20 000 b\u00e9n\u00e9voles seniors<\/strong> qui transmettent le plaisir de la lecture aux plus jeunes.<\/p><\/div><\/div><\/div><!-- Story Year Label --><div class=\"twae-year twae-year-container story-year-b925dc2\">\n\t\t\t\t\t<div class=\"twae-year-label twae-year-text\">2005 <\/div>\n\t\t\t\t<\/div><!-- Start of Story Repeater Content --><div id=\"story-b925dc2\" class=\"twae-story twae-repeater-item twae-story-right twae-story-no-icon\"><!-- Story Icon --><div class=\"twae-icon\"><i aria-hidden=\"true\" class=\"far fa-clock\"><\/i><\/div><!-- Story Arrow --><div class=\"twae-arrow\"><\/div><!-- Start of Story Content --><div class=\"twae-content\"><!-- Story Title --><div class=\"twae-title\">\u00ab Refonder l\u2019\u00e9cole pour <br>qu\u2019elle soit celle de tous \u00bb<\/div><!-- Story Description --><div class=\"twae-description\"><p>Fid\u00e8le \u00e0 sa mission historique de promotion de l\u2019\u00e9cole publique, la Ligue de l'enseignement adopte son projet <strong>\u00ab Refonder l\u2019\u00e9cole pour qu\u2019elle soit celle de tous \u00bb<\/strong>.<\/p><\/div><\/div><\/div><!-- Story Year Label --><div class=\"twae-year twae-year-container story-year-605d9dd\">\n\t\t\t\t\t<div class=\"twae-year-label twae-year-text\">2008 <\/div>\n\t\t\t\t<\/div><!-- Start of Story Repeater Content --><div id=\"story-605d9dd\" class=\"twae-story twae-repeater-item twae-story-left twae-story-no-icon\"><!-- Story Icon --><div class=\"twae-icon\"><i aria-hidden=\"true\" class=\"far fa-clock\"><\/i><\/div><!-- Story Arrow --><div class=\"twae-arrow\"><\/div><!-- Start of Story Content --><div class=\"twae-content\"><!-- Story Title --><div class=\"twae-title\">Lancement de la p\u00e9tition<br> \u00ab Sauvegardons la la\u00efcit\u00e9 <br>de la R\u00e9publique \u00bb<\/div><!-- Story Description --><div class=\"twae-description\"><p><strong>En f\u00e9vrier 2008<\/strong>, apr\u00e8s le discours de Nicolas Sarkozy sur <strong>\u00ab les racines chr\u00e9tiennes de la France \u00bb<\/strong>, la Ligue lance la p\u00e9tition <br \/><strong>\u00ab Sauvegardons la la\u00efcit\u00e9 de la R\u00e9publique \u00bb<\/strong> qui recueillera des dizaines de milliers de signatures.<\/p><\/div><\/div><\/div><!-- Story Year Label --><div class=\"twae-year twae-year-container story-year-d85111b\">\n\t\t\t\t\t<div class=\"twae-year-label twae-year-text\">2010 <\/div>\n\t\t\t\t<\/div><!-- Start of Story Repeater Content --><div id=\"story-d85111b\" class=\"twae-story twae-repeater-item twae-story-right twae-story-no-icon\"><!-- Story Icon --><div class=\"twae-icon\"><i aria-hidden=\"true\" class=\"far fa-clock\"><\/i><\/div><!-- Story Arrow --><div class=\"twae-arrow\"><\/div><!-- Start of Story Content --><div class=\"twae-content\"><!-- Story Title --><div class=\"twae-title\">\u00ab L\u2019Appel de Bobigny : vers un grand projet national pour l\u2019enfance et la jeunesse \u00bb<\/div><!-- Story Description --><div class=\"twae-description\"><p>Avec le R\u00e9seau fran\u00e7ais des villes \u00e9ducatrices, les <strong>Francas<\/strong> et la <strong>FCPE<\/strong>, la Ligue de l'enseignement est \u00e0 l\u2019initiative de <strong>\u00ab l\u2019Appel de Bobigny : vers un grand projet national pour l\u2019enfance et la jeunesse \u00bb<\/strong> qui rassemble les principaux acteurs de l\u2019\u00e9ducation.<\/p><\/div><\/div><\/div><!-- Story Year Label --><div class=\"twae-year twae-year-container story-year-a70d1b7\">\n\t\t\t\t\t<div class=\"twae-year-label twae-year-text\">2016 <\/div>\n\t\t\t\t<\/div><!-- Start of Story Repeater Content --><div id=\"story-a70d1b7\" class=\"twae-story twae-repeater-item twae-story-left twae-story-no-icon\"><!-- Story Icon --><div class=\"twae-icon\"><i aria-hidden=\"true\" class=\"far fa-clock\"><\/i><\/div><!-- Story Arrow --><div class=\"twae-arrow\"><\/div><!-- Start of Story Content --><div class=\"twae-content\"><!-- Story Title --><div class=\"twae-title\">Congr\u00e8s de Strasbourg<\/div><!-- Story Description --><div class=\"twae-description\"><p>Lors de son <strong>congr\u00e8s de Strasbourg<\/strong>, marquant ses <strong>150 ans<\/strong>, la Ligue de l'enseignement r\u00e9affirme, dans sa d\u00e9claration solennelle, les trois piliers qui fondent son action : <strong>la<\/strong> <strong>la\u00efcit\u00e9<\/strong>, son grand combat ; <strong>l\u2019\u00e9ducation<\/strong>, sa grande cause ; et <strong>la d\u00e9mocratie<\/strong>, son id\u00e9al.<\/p><\/div><\/div><\/div><\/div>\n    <div class=\"twae-end\"><\/div>\n    <\/div><style type=\"text\/css\">@media (max-width: 1024px){ .twae-wrapper{--tw-ybx-size: 80px !important;}}@media (max-width: 767px){ .twae-wrapper{--tw-ybx-size: 80px !important}}<\/style>\t\t\t\t<\/div>\n\t\t\t\t<\/div>\n\t\t\t\t<div class=\"elementor-element elementor-element-eeb177f exad-sticky-section-no exad-glass-effect-no elementor-widget elementor-widget-heading\" data-id=\"eeb177f\" data-element_type=\"widget\" data-widget_type=\"heading.default\">\n\t\t\t\t<div class=\"elementor-widget-container\">\n\t\t\t\t\t<h4 class=\"elementor-heading-title elementor-size-default\"><a href=\"https:\/\/laligue.org\/histoire\/\" target=\"_blank\">Source : site internet de la Ligue de l'enseignement<\/a><\/h4>\t\t\t\t<\/div>\n\t\t\t\t<\/div>\n\t\t\t\t\t<\/div>\n\t\t<\/div>\n\t\t\t\t\t<\/div>\n\t\t<\/section>\n\t\t\t\t<section class=\"elementor-section elementor-top-section elementor-element elementor-element-67cfc0e elementor-section-boxed elementor-section-height-default elementor-section-height-default exad-glass-effect-no wpr-equal-height-no exad-sticky-section-no\" data-id=\"67cfc0e\" data-element_type=\"section\" data-settings=\"{&quot;_ha_eqh_enable&quot;:false}\">\n\t\t\t\t\t\t<div class=\"elementor-container elementor-column-gap-default\">\n\t\t\t\t\t<div class=\"elementor-column elementor-col-100 elementor-top-column elementor-element elementor-element-27f6f0c exad-glass-effect-no exad-sticky-section-no\" data-id=\"27f6f0c\" data-element_type=\"column\">\n\t\t\t<div class=\"elementor-widget-wrap elementor-element-populated\">\n\t\t\t\t\t\t<div class=\"elementor-element elementor-element-deb7ed4 elementor-view-default exad-sticky-section-no exad-glass-effect-no elementor-widget elementor-widget-icon\" data-id=\"deb7ed4\" data-element_type=\"widget\" data-widget_type=\"icon.default\">\n\t\t\t\t<div class=\"elementor-widget-container\">\n\t\t\t\t\t\t\t<div class=\"elementor-icon-wrapper\">\n\t\t\t<div class=\"elementor-icon\">\n\t\t\t<svg aria-hidden=\"true\" class=\"e-font-icon-svg e-fas-history\" viewBox=\"0 0 512 512\" xmlns=\"http:\/\/www.w3.org\/2000\/svg\"><path d=\"M504 255.531c.253 136.64-111.18 248.372-247.82 248.468-59.015.042-113.223-20.53-155.822-54.911-11.077-8.94-11.905-25.541-1.839-35.607l11.267-11.267c8.609-8.609 22.353-9.551 31.891-1.984C173.062 425.135 212.781 440 256 440c101.705 0 184-82.311 184-184 0-101.705-82.311-184-184-184-48.814 0-93.149 18.969-126.068 49.932l50.754 50.754c10.08 10.08 2.941 27.314-11.313 27.314H24c-8.837 0-16-7.163-16-16V38.627c0-14.254 17.234-21.393 27.314-11.314l49.372 49.372C129.209 34.136 189.552 8 256 8c136.81 0 247.747 110.78 248 247.531zm-180.912 78.784l9.823-12.63c8.138-10.463 6.253-25.542-4.21-33.679L288 256.349V152c0-13.255-10.745-24-24-24h-16c-13.255 0-24 10.745-24 24v135.651l65.409 50.874c10.463 8.137 25.541 6.253 33.679-4.21z\"><\/path><\/svg>\t\t\t<\/div>\n\t\t<\/div>\n\t\t\t\t\t\t<\/div>\n\t\t\t\t<\/div>\n\t\t\t\t<div class=\"elementor-element elementor-element-414d0c5 exad-sticky-section-no exad-glass-effect-no elementor-widget elementor-widget-heading\" data-id=\"414d0c5\" data-element_type=\"widget\" data-widget_type=\"heading.default\">\n\t\t\t\t<div class=\"elementor-widget-container\">\n\t\t\t\t\t<h2 class=\"elementor-heading-title elementor-size-default\">Quelques anecdotes historiques...<\/h2>\t\t\t\t<\/div>\n\t\t\t\t<\/div>\n\t\t\t\t\t<\/div>\n\t\t<\/div>\n\t\t\t\t\t<\/div>\n\t\t<\/section>\n\t\t\t\t<section class=\"elementor-section elementor-top-section elementor-element elementor-element-675ef7b elementor-section-boxed elementor-section-height-default elementor-section-height-default exad-glass-effect-no wpr-equal-height-no exad-sticky-section-no\" data-id=\"675ef7b\" data-element_type=\"section\" data-settings=\"{&quot;_ha_eqh_enable&quot;:false}\">\n\t\t\t\t\t\t<div class=\"elementor-container elementor-column-gap-default\">\n\t\t\t\t\t<div class=\"elementor-column elementor-col-50 elementor-top-column elementor-element elementor-element-6a96797 exad-glass-effect-no exad-sticky-section-no\" data-id=\"6a96797\" data-element_type=\"column\">\n\t\t\t<div class=\"elementor-widget-wrap elementor-element-populated\">\n\t\t\t\t\t\t<div class=\"elementor-element elementor-element-2d92cc9 wpr-flip-box-animation-flip wpr-flip-box-animation-3d-yes wpr-flip-box-anim-direction-right wpr-flip-box-front-align-center wpr-flip-box-back-align-center exad-sticky-section-no exad-glass-effect-no elementor-widget elementor-widget-wpr-flip-box\" data-id=\"2d92cc9\" data-element_type=\"widget\" data-widget_type=\"wpr-flip-box.default\">\n\t\t\t\t<div class=\"elementor-widget-container\">\n\t\t\t\t\t\t\t\t\n\t\t<div class=\"wpr-flip-box\" data-trigger=\"hover\">\n\t\t\t\n\t\t\t<div class=\"wpr-flip-box-item wpr-flip-box-front wpr-anim-timing-ease-default\">\n\n\t\t\t\t<div class=\"wpr-flip-box-overlay\"><\/div>\n\n\t\t\t\t<div class=\"wpr-flip-box-content\">\n\t\t\t\t\t\n\t\t\t\t\t\t\t\t\t\t<div class=\"wpr-flip-box-icon\">\n\t\t\t\t\t\t<i class=\"far fa-surprise\"><\/i>\n\t\t\t\t\t<\/div>\n\t\t\t\t\t\t\t\t\t\t\n\t\t\t\t\t\t\t\t\t\t\t<h3 class=\"wpr-flip-box-title\">Le saviez-vous ?<\/h3>\n\t\t\t\t\t\n\t\t\t\t\t\t\n\n\t\t\t\t\t\t\n\n\t\t\t\t<\/div>\n\t\t\t<\/div>\n\n\t\t\t<div class=\"wpr-flip-box-item wpr-flip-box-back wpr-anim-timing-ease-default\">\n\n\t\t\t\t<div class=\"wpr-flip-box-overlay\"><\/div>\n\t\t\t\t\n\t\t\t\t<div class=\"wpr-flip-box-content\">\n\t\t\t\t\t\n\t\t\t\t\t\t\t\t\t\t<a class=\"wpr-flip-box-link\" href=\"#\"><\/a>\t\n\t\t\t\t\t\n\t\t\t\t\t\t\t\t\t\t<div class=\"wpr-flip-box-icon\">\n\t\t\t\t\t\t<i class=\"far fa-smile-wink\"><\/i>\n\t\t\t\t\t<\/div>\n\t\t\t\t\t\t\t\t\t\t\n\t\t\t\t\t\n\t\t\t\t\t\t\t\t\t\t\t<div class=\"wpr-flip-box-description\"><p><span style=\"color: #ffffff\"><strong>En 1942, <\/strong>sous l\u2019occupation Allemande, la Ligue de l'enseignement est dissoute par le gouvernement de Vichy. <strong>Mais la Ligue de l'enseignement r\u00e9siste et entre dans la<\/strong> <strong>clandestinit\u00e9.<\/strong> Elle se reconstitue officiellement en 1943 \u00e0 Alger, pour \u00eatre repr\u00e9sent\u00e9e aupr\u00e8s du gouvernement provisoire.<\/span><\/p><\/div>\t\t\t\t\t\t\n\t\t\t\t\t\t\n\n\t\t\t\t\t\t\n\n\t\t\t\t<\/div>\n\t\t\t<\/div>\n\t\t<\/div>\n\n\t\t\t\t\t\t<\/div>\n\t\t\t\t<\/div>\n\t\t\t\t\t<\/div>\n\t\t<\/div>\n\t\t\t\t<div class=\"elementor-column elementor-col-50 elementor-top-column elementor-element elementor-element-7ff1f1b exad-glass-effect-no exad-sticky-section-no\" data-id=\"7ff1f1b\" data-element_type=\"column\">\n\t\t\t<div class=\"elementor-widget-wrap elementor-element-populated\">\n\t\t\t\t\t\t<div class=\"elementor-element elementor-element-4a990d8 wpr-flip-box-animation-flip wpr-flip-box-animation-3d-yes wpr-flip-box-anim-direction-right wpr-flip-box-front-align-center wpr-flip-box-back-align-center exad-sticky-section-no exad-glass-effect-no elementor-widget elementor-widget-wpr-flip-box\" data-id=\"4a990d8\" data-element_type=\"widget\" data-widget_type=\"wpr-flip-box.default\">\n\t\t\t\t<div class=\"elementor-widget-container\">\n\t\t\t\t\t\t\t\t\n\t\t<div class=\"wpr-flip-box\" data-trigger=\"hover\">\n\t\t\t\n\t\t\t<div class=\"wpr-flip-box-item wpr-flip-box-front wpr-anim-timing-ease-default\">\n\n\t\t\t\t<div class=\"wpr-flip-box-overlay\"><\/div>\n\n\t\t\t\t<div class=\"wpr-flip-box-content\">\n\t\t\t\t\t\n\t\t\t\t\t\t\t\t\t\t<div class=\"wpr-flip-box-icon\">\n\t\t\t\t\t\t<i class=\"far fa-surprise\"><\/i>\n\t\t\t\t\t<\/div>\n\t\t\t\t\t\t\t\t\t\t\n\t\t\t\t\t\t\t\t\t\t\t<h3 class=\"wpr-flip-box-title\">Le saviez-vous ?<\/h3>\n\t\t\t\t\t\n\t\t\t\t\t\t\n\n\t\t\t\t\t\t\n\n\t\t\t\t<\/div>\n\t\t\t<\/div>\n\n\t\t\t<div class=\"wpr-flip-box-item wpr-flip-box-back wpr-anim-timing-ease-default\">\n\n\t\t\t\t<div class=\"wpr-flip-box-overlay\"><\/div>\n\t\t\t\t\n\t\t\t\t<div class=\"wpr-flip-box-content\">\n\t\t\t\t\t\n\t\t\t\t\t\t\t\t\t\t<a class=\"wpr-flip-box-link\" href=\"#\"><\/a>\t\n\t\t\t\t\t\n\t\t\t\t\t\t\t\t\t\t<div class=\"wpr-flip-box-icon\">\n\t\t\t\t\t\t<i class=\"far fa-smile-wink\"><\/i>\n\t\t\t\t\t<\/div>\n\t\t\t\t\t\t\t\t\t\t\n\t\t\t\t\t\n\t\t\t\t\t\t\t\t\t\t\t<div class=\"wpr-flip-box-description\"><p><span style=\"color: #ffffff\">Pour mieux structurer les diff\u00e9rentes activit\u00e9s, <\/span><br \/><span style=\"color: #ffffff\">la Ligue de l'enseignement va cr\u00e9er des \u00ab UFO \u00bb <\/span><br \/><span style=\"color: #ffffff\">(Union Fran\u00e7aise des \u0152uvres...).<\/span><\/p><p><span style=\"color: #ffffff\">1928 : <strong>UFO<\/strong>LEP<\/span><br \/><span style=\"color: #ffffff\">1933 :\u00a0 <strong>UFO<\/strong>LEA, <strong>UFO<\/strong>CEL<\/span><br \/><span style=\"color: #ffffff\">1934 : <strong>UFO<\/strong>VAL, <strong>UFO<\/strong>PATRONAGE<\/span><\/p><\/div>\t\t\t\t\t\t\n\t\t\t\t\t\t\n\n\t\t\t\t\t\t\n\n\t\t\t\t<\/div>\n\t\t\t<\/div>\n\t\t<\/div>\n\n\t\t\t\t\t\t<\/div>\n\t\t\t\t<\/div>\n\t\t\t\t\t<\/div>\n\t\t<\/div>\n\t\t\t\t\t<\/div>\n\t\t<\/section>\n\t\t\t\t<section class=\"elementor-section elementor-top-section elementor-element elementor-element-bf749b3 elementor-section-boxed elementor-section-height-default elementor-section-height-default exad-glass-effect-no wpr-equal-height-no exad-sticky-section-no\" data-id=\"bf749b3\" data-element_type=\"section\" data-settings=\"{&quot;_ha_eqh_enable&quot;:false}\">\n\t\t\t\t\t\t<div class=\"elementor-container elementor-column-gap-default\">\n\t\t\t\t\t<div class=\"elementor-column elementor-col-50 elementor-top-column elementor-element elementor-element-15cbfa2 exad-glass-effect-no exad-sticky-section-no\" data-id=\"15cbfa2\" data-element_type=\"column\">\n\t\t\t<div class=\"elementor-widget-wrap elementor-element-populated\">\n\t\t\t\t\t\t<div class=\"elementor-element elementor-element-ceba0b2 wpr-flip-box-animation-flip wpr-flip-box-animation-3d-yes wpr-flip-box-anim-direction-right wpr-flip-box-front-align-center wpr-flip-box-back-align-center exad-sticky-section-no exad-glass-effect-no elementor-widget elementor-widget-wpr-flip-box\" data-id=\"ceba0b2\" data-element_type=\"widget\" data-widget_type=\"wpr-flip-box.default\">\n\t\t\t\t<div class=\"elementor-widget-container\">\n\t\t\t\t\t\t\t\t\n\t\t<div class=\"wpr-flip-box\" data-trigger=\"hover\">\n\t\t\t\n\t\t\t<div class=\"wpr-flip-box-item wpr-flip-box-front wpr-anim-timing-ease-default\">\n\n\t\t\t\t<div class=\"wpr-flip-box-overlay\"><\/div>\n\n\t\t\t\t<div class=\"wpr-flip-box-content\">\n\t\t\t\t\t\n\t\t\t\t\t\t\t\t\t\t<div class=\"wpr-flip-box-icon\">\n\t\t\t\t\t\t<i class=\"far fa-surprise\"><\/i>\n\t\t\t\t\t<\/div>\n\t\t\t\t\t\t\t\t\t\t\n\t\t\t\t\t\t\t\t\t\t\t<h3 class=\"wpr-flip-box-title\">Le saviez-vous ?<\/h3>\n\t\t\t\t\t\n\t\t\t\t\t\t\n\n\t\t\t\t\t\t\n\n\t\t\t\t<\/div>\n\t\t\t<\/div>\n\n\t\t\t<div class=\"wpr-flip-box-item wpr-flip-box-back wpr-anim-timing-ease-default\">\n\n\t\t\t\t<div class=\"wpr-flip-box-overlay\"><\/div>\n\t\t\t\t\n\t\t\t\t<div class=\"wpr-flip-box-content\">\n\t\t\t\t\t\n\t\t\t\t\t\t\t\t\t\t<a class=\"wpr-flip-box-link\" href=\"#\"><\/a>\t\n\t\t\t\t\t\n\t\t\t\t\t\t\t\t\t\t<div class=\"wpr-flip-box-icon\">\n\t\t\t\t\t\t<i class=\"far fa-smile-wink\"><\/i>\n\t\t\t\t\t<\/div>\n\t\t\t\t\t\t\t\t\t\t\n\t\t\t\t\t\n\t\t\t\t\t\t\t\t\t\t\t<div class=\"wpr-flip-box-description\"><p><span style=\"color: #ffffff\">Au sein des locaux de la Ligue de l'enseignement - FAL 53, il existait un laboratoire de photographie ainsi qu\u2019un bar !<\/span><\/p><\/div>\t\t\t\t\t\t\n\t\t\t\t\t\t\n\n\t\t\t\t\t\t\n\n\t\t\t\t<\/div>\n\t\t\t<\/div>\n\t\t<\/div>\n\n\t\t\t\t\t\t<\/div>\n\t\t\t\t<\/div>\n\t\t\t\t\t<\/div>\n\t\t<\/div>\n\t\t\t\t<div class=\"elementor-column elementor-col-50 elementor-top-column elementor-element elementor-element-c3af335 exad-glass-effect-no exad-sticky-section-no\" data-id=\"c3af335\" data-element_type=\"column\">\n\t\t\t<div class=\"elementor-widget-wrap elementor-element-populated\">\n\t\t\t\t\t\t<div class=\"elementor-element elementor-element-68e64a0 wpr-flip-box-animation-flip wpr-flip-box-animation-3d-yes wpr-flip-box-anim-direction-right wpr-flip-box-front-align-center wpr-flip-box-back-align-center exad-sticky-section-no exad-glass-effect-no elementor-widget elementor-widget-wpr-flip-box\" data-id=\"68e64a0\" data-element_type=\"widget\" data-widget_type=\"wpr-flip-box.default\">\n\t\t\t\t<div class=\"elementor-widget-container\">\n\t\t\t\t\t\t\t\t\n\t\t<div class=\"wpr-flip-box\" data-trigger=\"hover\">\n\t\t\t\n\t\t\t<div class=\"wpr-flip-box-item wpr-flip-box-front wpr-anim-timing-ease-default\">\n\n\t\t\t\t<div class=\"wpr-flip-box-overlay\"><\/div>\n\n\t\t\t\t<div class=\"wpr-flip-box-content\">\n\t\t\t\t\t\n\t\t\t\t\t\t\t\t\t\t<div class=\"wpr-flip-box-icon\">\n\t\t\t\t\t\t<i class=\"far fa-surprise\"><\/i>\n\t\t\t\t\t<\/div>\n\t\t\t\t\t\t\t\t\t\t\n\t\t\t\t\t\t\t\t\t\t\t<h3 class=\"wpr-flip-box-title\">Le saviez-vous ?<\/h3>\n\t\t\t\t\t\n\t\t\t\t\t\t\n\n\t\t\t\t\t\t\n\n\t\t\t\t<\/div>\n\t\t\t<\/div>\n\n\t\t\t<div class=\"wpr-flip-box-item wpr-flip-box-back wpr-anim-timing-ease-default\">\n\n\t\t\t\t<div class=\"wpr-flip-box-overlay\"><\/div>\n\t\t\t\t\n\t\t\t\t<div class=\"wpr-flip-box-content\">\n\t\t\t\t\t\n\t\t\t\t\t\t\t\t\t\t<a class=\"wpr-flip-box-link\" href=\"#\"><\/a>\t\n\t\t\t\t\t\n\t\t\t\t\t\t\t\t\t\t<div class=\"wpr-flip-box-icon\">\n\t\t\t\t\t\t<i class=\"far fa-smile-wink\"><\/i>\n\t\t\t\t\t<\/div>\n\t\t\t\t\t\t\t\t\t\t\n\t\t\t\t\t\n\t\t\t\t\t\t\t\t\t\t\t<div class=\"wpr-flip-box-description\"><p><span style=\"color: #ffffff\">Suite \u00e0 la cr\u00e9ation de la Ligue de l\u2019enseignement, la F\u00eate de la Jeunesse appara\u00eet en Mayenne. On compte de nombreux rassemblements des f\u00eates de la jeunesse jusqu\u2019en 2002.<\/span><\/p><p><span style=\"color: #ffffff\">La <strong>F\u00eate de la Jeunesse<\/strong> est une manifestation <br \/>ponctuelle cr\u00e9\u00e9e durant la r\u00e9volution fran\u00e7aise.<\/span><\/p><\/div>\t\t\t\t\t\t\n\t\t\t\t\t\t\n\n\t\t\t\t\t\t\n\n\t\t\t\t<\/div>\n\t\t\t<\/div>\n\t\t<\/div>\n\n\t\t\t\t\t\t<\/div>\n\t\t\t\t<\/div>\n\t\t\t\t\t<\/div>\n\t\t<\/div>\n\t\t\t\t\t<\/div>\n\t\t<\/section>\n\t\t\t\t<section class=\"elementor-section elementor-top-section elementor-element elementor-element-9bab82b elementor-section-boxed elementor-section-height-default elementor-section-height-default exad-glass-effect-no wpr-equal-height-no exad-sticky-section-no\" data-id=\"9bab82b\" data-element_type=\"section\" data-settings=\"{&quot;_ha_eqh_enable&quot;:false}\">\n\t\t\t\t\t\t<div class=\"elementor-container elementor-column-gap-default\">\n\t\t\t\t\t<div class=\"elementor-column elementor-col-100 elementor-top-column elementor-element elementor-element-a55ca6b exad-glass-effect-no exad-sticky-section-no\" data-id=\"a55ca6b\" data-element_type=\"column\">\n\t\t\t<div class=\"elementor-widget-wrap elementor-element-populated\">\n\t\t\t\t\t\t<div class=\"elementor-element elementor-element-28f69e1 elementor-view-default exad-sticky-section-no exad-glass-effect-no elementor-widget elementor-widget-icon\" data-id=\"28f69e1\" data-element_type=\"widget\" data-widget_type=\"icon.default\">\n\t\t\t\t<div class=\"elementor-widget-container\">\n\t\t\t\t\t\t\t<div class=\"elementor-icon-wrapper\">\n\t\t\t<div class=\"elementor-icon\">\n\t\t\t<svg aria-hidden=\"true\" class=\"e-font-icon-svg e-fas-photo-video\" viewBox=\"0 0 640 512\" xmlns=\"http:\/\/www.w3.org\/2000\/svg\"><path d=\"M608 0H160a32 32 0 0 0-32 32v96h160V64h192v320h128a32 32 0 0 0 32-32V32a32 32 0 0 0-32-32zM232 103a9 9 0 0 1-9 9h-30a9 9 0 0 1-9-9V73a9 9 0 0 1 9-9h30a9 9 0 0 1 9 9zm352 208a9 9 0 0 1-9 9h-30a9 9 0 0 1-9-9v-30a9 9 0 0 1 9-9h30a9 9 0 0 1 9 9zm0-104a9 9 0 0 1-9 9h-30a9 9 0 0 1-9-9v-30a9 9 0 0 1 9-9h30a9 9 0 0 1 9 9zm0-104a9 9 0 0 1-9 9h-30a9 9 0 0 1-9-9V73a9 9 0 0 1 9-9h30a9 9 0 0 1 9 9zm-168 57H32a32 32 0 0 0-32 32v288a32 32 0 0 0 32 32h384a32 32 0 0 0 32-32V192a32 32 0 0 0-32-32zM96 224a32 32 0 1 1-32 32 32 32 0 0 1 32-32zm288 224H64v-32l64-64 32 32 128-128 96 96z\"><\/path><\/svg>\t\t\t<\/div>\n\t\t<\/div>\n\t\t\t\t\t\t<\/div>\n\t\t\t\t<\/div>\n\t\t\t\t<div class=\"elementor-element elementor-element-97e487e exad-sticky-section-no exad-glass-effect-no elementor-widget elementor-widget-heading\" data-id=\"97e487e\" data-element_type=\"widget\" data-widget_type=\"heading.default\">\n\t\t\t\t<div class=\"elementor-widget-container\">\n\t\t\t\t\t<h2 class=\"elementor-heading-title elementor-size-default\">Quelques photos d'archives<\/h2>\t\t\t\t<\/div>\n\t\t\t\t<\/div>\n\t\t\t\t\t<\/div>\n\t\t<\/div>\n\t\t\t\t\t<\/div>\n\t\t<\/section>\n\t\t\t\t<section class=\"elementor-section elementor-top-section elementor-element elementor-element-ed62b7f elementor-section-boxed elementor-section-height-default elementor-section-height-default exad-glass-effect-no wpr-equal-height-no exad-sticky-section-no\" data-id=\"ed62b7f\" data-element_type=\"section\" data-settings=\"{&quot;_ha_eqh_enable&quot;:false}\">\n\t\t\t\t\t\t<div class=\"elementor-container elementor-column-gap-default\">\n\t\t\t\t\t<div class=\"elementor-column elementor-col-100 elementor-top-column elementor-element elementor-element-563b5cd exad-glass-effect-no exad-sticky-section-no\" data-id=\"563b5cd\" data-element_type=\"column\">\n\t\t\t<div class=\"elementor-widget-wrap elementor-element-populated\">\n\t\t\t\t\t\t<div class=\"elementor-element elementor-element-f2b92a6 exad-sticky-section-no exad-glass-effect-no elementor-widget elementor-widget-wpr-flip-carousel\" data-id=\"f2b92a6\" data-element_type=\"widget\" data-widget_type=\"wpr-flip-carousel.default\">\n\t\t\t\t<div class=\"elementor-widget-container\">\n\t\t\t\t\t<div class=\"wpr-flip-carousel-wrapper\"><div class=\"wpr-flip-carousel\" data-settings=\"{&quot;starts_from_center&quot;:&quot;yes&quot;,&quot;carousel_type&quot;:&quot;coverflow&quot;,&quot;loop&quot;:&quot;yes&quot;,&quot;autoplay&quot;:false,&quot;autoplay_milliseconds&quot;:0,&quot;pause_on_hover&quot;:false,&quot;play_on_click&quot;:&quot;yes&quot;,&quot;play_on_scroll&quot;:&quot;no&quot;,&quot;pagination_position&quot;:null,&quot;spacing&quot;:-0.6,&quot;button_prev&quot;:&quot;&quot;,&quot;button_next&quot;:&quot;&quot;,&quot;pagination_bg_color_hover&quot;:null}\"><ul class=\"wpr-flip-items-wrapper\"><li class=\"wpr-flip-item\" data-flip-title=\"\"><figure><a ><img decoding=\"async\" alt=\"\" src=\"https:\/\/laligue53.org\/wp-content\/uploads\/2024\/04\/7.jpg\" \/><\/a><\/figure><\/li><li class=\"wpr-flip-item\" data-flip-title=\"\"><figure><a ><img decoding=\"async\" alt=\"\" src=\"https:\/\/laligue53.org\/wp-content\/uploads\/2024\/04\/Copie-ecole.jpg\" \/><\/a><\/figure><\/li><li class=\"wpr-flip-item\" data-flip-title=\"\"><figure><a ><img decoding=\"async\" alt=\"\" src=\"https:\/\/laligue53.org\/wp-content\/uploads\/2024\/04\/8.jpg\" \/><\/a><\/figure><\/li><\/ul><\/div><\/div>\t\t\t\t<\/div>\n\t\t\t\t<\/div>\n\t\t\t\t\t<\/div>\n\t\t<\/div>\n\t\t\t\t\t<\/div>\n\t\t<\/section>\n\t\t\t\t<section class=\"elementor-section elementor-top-section elementor-element elementor-element-b6e843e elementor-section-boxed elementor-section-height-default elementor-section-height-default exad-glass-effect-no wpr-equal-height-no exad-sticky-section-no\" data-id=\"b6e843e\" data-element_type=\"section\" data-settings=\"{&quot;_ha_eqh_enable&quot;:false}\">\n\t\t\t\t\t\t<div class=\"elementor-container elementor-column-gap-default\">\n\t\t\t\t\t<div class=\"elementor-column elementor-col-100 elementor-top-column elementor-element elementor-element-173db3e exad-glass-effect-no exad-sticky-section-no\" data-id=\"173db3e\" data-element_type=\"column\">\n\t\t\t<div class=\"elementor-widget-wrap elementor-element-populated\">\n\t\t\t\t\t\t<div class=\"elementor-element elementor-element-99ed209 exad-sticky-section-no exad-glass-effect-no elementor-widget elementor-widget-wpr-flip-carousel\" data-id=\"99ed209\" data-element_type=\"widget\" data-widget_type=\"wpr-flip-carousel.default\">\n\t\t\t\t<div class=\"elementor-widget-container\">\n\t\t\t\t\t<div class=\"wpr-flip-carousel-wrapper\"><div class=\"wpr-flip-carousel\" data-settings=\"{&quot;starts_from_center&quot;:&quot;yes&quot;,&quot;carousel_type&quot;:&quot;coverflow&quot;,&quot;loop&quot;:&quot;yes&quot;,&quot;autoplay&quot;:false,&quot;autoplay_milliseconds&quot;:0,&quot;pause_on_hover&quot;:false,&quot;play_on_click&quot;:&quot;yes&quot;,&quot;play_on_scroll&quot;:&quot;no&quot;,&quot;pagination_position&quot;:null,&quot;spacing&quot;:-0.6,&quot;button_prev&quot;:&quot;&quot;,&quot;button_next&quot;:&quot;&quot;,&quot;pagination_bg_color_hover&quot;:null}\"><ul class=\"wpr-flip-items-wrapper\"><li class=\"wpr-flip-item\" data-flip-title=\"\"><figure><a ><img decoding=\"async\" alt=\"\" src=\"https:\/\/laligue53.org\/wp-content\/uploads\/2024\/04\/Linstruction-cest-la-lumiere-gravure-Imprimerie-Leriche-1885.jpg\" \/><\/a><\/figure><\/li><li class=\"wpr-flip-item\" data-flip-title=\"\"><figure><a ><img decoding=\"async\" alt=\"\" src=\"https:\/\/laligue53.org\/wp-content\/uploads\/2024\/04\/5.jpg\" \/><\/a><\/figure><\/li><li class=\"wpr-flip-item\" data-flip-title=\"\"><figure><a ><img decoding=\"async\" alt=\"\" src=\"https:\/\/laligue53.org\/wp-content\/uploads\/2024\/04\/6-1.jpg\" \/><\/a><\/figure><\/li><\/ul><\/div><\/div>\t\t\t\t<\/div>\n\t\t\t\t<\/div>\n\t\t\t\t\t<\/div>\n\t\t<\/div>\n\t\t\t\t\t<\/div>\n\t\t<\/section>\n\t\t\t\t<section class=\"elementor-section elementor-top-section elementor-element elementor-element-65d163e elementor-section-boxed elementor-section-height-default elementor-section-height-default exad-glass-effect-no wpr-equal-height-no exad-sticky-section-no\" data-id=\"65d163e\" data-element_type=\"section\" data-settings=\"{&quot;_ha_eqh_enable&quot;:false}\">\n\t\t\t\t\t\t<div class=\"elementor-container elementor-column-gap-default\">\n\t\t\t\t\t<div class=\"elementor-column elementor-col-100 elementor-top-column elementor-element elementor-element-c738c65 exad-glass-effect-no exad-sticky-section-no\" data-id=\"c738c65\" data-element_type=\"column\">\n\t\t\t<div class=\"elementor-widget-wrap elementor-element-populated\">\n\t\t\t\t\t\t<div class=\"elementor-element elementor-element-7410b07 exad-sticky-section-no exad-glass-effect-no elementor-widget elementor-widget-wpr-flip-carousel\" data-id=\"7410b07\" data-element_type=\"widget\" data-widget_type=\"wpr-flip-carousel.default\">\n\t\t\t\t<div class=\"elementor-widget-container\">\n\t\t\t\t\t<div class=\"wpr-flip-carousel-wrapper\"><div class=\"wpr-flip-carousel\" data-settings=\"{&quot;starts_from_center&quot;:&quot;yes&quot;,&quot;carousel_type&quot;:&quot;coverflow&quot;,&quot;loop&quot;:&quot;yes&quot;,&quot;autoplay&quot;:false,&quot;autoplay_milliseconds&quot;:0,&quot;pause_on_hover&quot;:false,&quot;play_on_click&quot;:&quot;yes&quot;,&quot;play_on_scroll&quot;:&quot;no&quot;,&quot;pagination_position&quot;:null,&quot;spacing&quot;:-0.6,&quot;button_prev&quot;:&quot;&quot;,&quot;button_next&quot;:&quot;&quot;,&quot;pagination_bg_color_hover&quot;:null}\"><ul class=\"wpr-flip-items-wrapper\"><li class=\"wpr-flip-item\" data-flip-title=\"\"><figure><a ><img decoding=\"async\" alt=\"\" src=\"https:\/\/laligue53.org\/wp-content\/uploads\/2024\/04\/3-1.jpg\" \/><\/a><\/figure><\/li><li class=\"wpr-flip-item\" data-flip-title=\"\"><figure><a ><img decoding=\"async\" alt=\"\" src=\"https:\/\/laligue53.org\/wp-content\/uploads\/2024\/04\/4-1.jpg\" \/><\/a><\/figure><\/li><li class=\"wpr-flip-item\" data-flip-title=\"\"><figure><a ><img decoding=\"async\" alt=\"\" src=\"https:\/\/laligue53.org\/wp-content\/uploads\/2024\/04\/10-1.jpg\" \/><\/a><\/figure><\/li><\/ul><\/div><\/div>\t\t\t\t<\/div>\n\t\t\t\t<\/div>\n\t\t\t\t\t<\/div>\n\t\t<\/div>\n\t\t\t\t\t<\/div>\n\t\t<\/section>\n\t\t\t\t<section class=\"elementor-section elementor-top-section elementor-element elementor-element-651b9e5 elementor-section-boxed elementor-section-height-default elementor-section-height-default exad-glass-effect-no wpr-equal-height-no exad-sticky-section-no\" data-id=\"651b9e5\" data-element_type=\"section\" data-settings=\"{&quot;_ha_eqh_enable&quot;:false}\">\n\t\t\t\t\t\t<div class=\"elementor-container elementor-column-gap-default\">\n\t\t\t\t\t<div class=\"elementor-column elementor-col-100 elementor-top-column elementor-element elementor-element-09323d6 exad-glass-effect-no exad-sticky-section-no\" data-id=\"09323d6\" data-element_type=\"column\">\n\t\t\t<div class=\"elementor-widget-wrap elementor-element-populated\">\n\t\t\t\t\t\t<div class=\"elementor-element elementor-element-369d002 wpr-stt-btn-align-fixed wpr-stt-btn-align-fixed-right exad-sticky-section-no exad-glass-effect-no elementor-widget elementor-widget-wpr-back-to-top\" data-id=\"369d002\" data-element_type=\"widget\" data-widget_type=\"wpr-back-to-top.default\">\n\t\t\t\t<div class=\"elementor-widget-container\">\n\t\t\t\t\t<div class=\"wpr-stt-wrapper\"><div class='wpr-stt-btn' data-settings='{&quot;animation&quot;:&quot;fade&quot;,&quot;animationOffset&quot;:&quot;0&quot;,&quot;animationDuration&quot;:&quot;200&quot;,&quot;fixed&quot;:&quot;fixed&quot;,&quot;scrolAnim&quot;:&quot;800&quot;}'><span class=\"wpr-stt-icon\"><svg class=\"e-font-icon-svg e-fas-chevron-up\" viewBox=\"0 0 448 512\" xmlns=\"http:\/\/www.w3.org\/2000\/svg\"><path d=\"M240.971 130.524l194.343 194.343c9.373 9.373 9.373 24.569 0 33.941l-22.667 22.667c-9.357 9.357-24.522 9.375-33.901.04L224 227.495 69.255 381.516c-9.379 9.335-24.544 9.317-33.901-.04l-22.667-22.667c-9.373-9.373-9.373-24.569 0-33.941L207.03 130.525c9.372-9.373 24.568-9.373 33.941-.001z\"><\/path><\/svg><\/span><\/div><\/div>\t\t\t\t<\/div>\n\t\t\t\t<\/div>\n\t\t\t\t\t<\/div>\n\t\t<\/div>\n\t\t\t\t\t<\/div>\n\t\t<\/section>\n\t\t\t\t<\/div>\n\t\t","protected":false},"excerpt":{"rendered":"<p>d\u00e9couvrez l&rsquo;histoire de la Ligue de l&rsquo;enseignement Le mouvement d\u2019\u00e9ducation populaire est cr\u00e9\u00e9 en 1866 par Jean Mac\u00e9 qui s\u2019inspire de l\u2019exemple de la Belgique o\u00f9 avait \u00e9t\u00e9 fond\u00e9e, en 1864, une Ligue destin\u00e9e \u00e0 d\u00e9fendre la la\u00efcit\u00e9. La fondation de la Ligue fran\u00e7aise de l\u2019enseignement a inspir\u00e9 les lois sur l\u2019\u00e9cole \u00ab gratuite, obligatoire et la\u00efque \u00bb \u00e0 la fin du XIX\u00e8\u00a0si\u00e8cle.\u00a0Ce grand mouvement d\u2019\u00e9ducation populaire est partenaire de la vie associative,\u00a0de l\u2019\u00e9cole publique et disposant d\u2019un r\u00e9seau national\u00a0de f\u00e9d\u00e9rations. \u00a0 Son organisation s\u2019appuie sur\u00a0103 f\u00e9d\u00e9rations d\u00e9partementales, elles-m\u00eame regroup\u00e9es au sein d\u2019unions r\u00e9gionales. Les associations locales, les f\u00e9d\u00e9rations d\u00e9partementales et le centre conf\u00e9d\u00e9ral comptent plusieurs milliers de salari\u00e9s et des centaines de milliers de b\u00e9n\u00e9voles, et \u0153uvrent dans les domaines de l\u2019\u00e9ducation populaire\u00a0ou de l\u2019enseignement, des pratiques artistiques et culturelles, des activit\u00e9s sportives, des vacances et des loisirs, de la formation professionnelle ou de l\u2019action sociale. LA LIGUE DE L&rsquo;ENSEIGNEMENT Au niveau national Mouvement la\u00efque d\u2019\u00e9ducation populaire, la Ligue de l\u2019enseignement propose des activit\u00e9s \u00e9ducatives, culturelles, sportives et de loisirs. Elle regroupe, \u00e0 travers 103 f\u00e9d\u00e9rations d\u00e9partementales, plus de 20 000 associations locales pr\u00e9sentes dans 24 000 communes et repr\u00e9sentant 1,6 million d\u2019adh\u00e9rents. LA LIGUE DE L&rsquo;ENSEIGNEMENT Au niveau d\u00e9partemental En Mayenne, depuis 1946, la Ligue de l\u2019enseignement &#8211; FAL 53 anime la vie locale, d\u00e9veloppe des solidarit\u00e9s et contribue \u00e0 la formation de citoyens \u00e9gaux et responsables. Elle vise \u00e0 faciliter l\u2019acc\u00e8s \u00e0 l\u2019\u00e9ducation, \u00e0 la culture, au sport et aux loisirs pour tous dans le respect des diversit\u00e9s culturelles. 0 F\u00e9d\u00e9rations d\u00e9partementales 0 associations locales 0 communes 0 d&rsquo;adh\u00e9rents Un peu d&rsquo;histoire&#8230; Lorsque Louis Napol\u00e9on Bonaparte restaure l\u2019Empire en 1852 et supprime la II\u00e8me R\u00e9publique, Jean Mac\u00e9, journaliste r\u00e9publicain, Professeur en Alsace, y voit un danger pour la d\u00e9mocratie. Estimant que \u00ab l\u2019\u00e9ducation au suffrage universel \u00bb est indispensable pour garantir la d\u00e9mocratie, il projette de cr\u00e9er une Ligue de l\u2019enseignement semblable \u00e0 celle cr\u00e9\u00e9e en Belgique. En 1866, il cr\u00e9e ainsi la Ligue fran\u00e7aise de l\u2019enseignement, form\u00e9e avant tout pour rassembler et \u00e9duquer des citoyens. Un an plus tard, elle compte 5 000 membres r\u00e9partis dans plus de 72 d\u00e9partements. Dans une France en mutation, plong\u00e9e dans un d\u00e9sarroi social, la Ligue r\u00e9unit alors des gens du peuple et des bourgeois cultiv\u00e9s. Tous voient dans l\u2019instruction et l\u2019\u00e9ducation, l\u2019instrument de formation \u00e0 la citoyennet\u00e9. 1871 Lancement d&rsquo;une p\u00e9tition par Jean Mac\u00e9 Avec l\u2019appui de la presse lib\u00e9rale, Jean Mac\u00e9 lance une p\u00e9tition pour une \u00ab instruction gratuite, obligatoire et la\u00efque \u00bb qui recueillera plus d\u20191,3 million de signatures. 1881 La Ligue de l&rsquo;enseignement devient une organisation r\u00e9publicaine Constitution officielle en tant qu\u2019organisation r\u00e9publicaine de la Ligue de l&rsquo;enseignement par L\u00e9on Gambetta. 1894 Cr\u00e9ation des associations la\u00efques Avec l\u2019appui des r\u00e9publicains, la Ligue de l&rsquo;enseignement cr\u00e9e, dans tous les cantons, des associations la\u00efques qui doivent \u00eatre un instrument d\u2019\u00e9ducation civique et de coordination entre l\u2019\u00c9tat et le citoyen. 1901 \u00c9laboration d&rsquo;une loi sur les associations La Ligue de l&rsquo;enseignement prend une part importante \u00e0 l\u2019\u00e9laboration de la loi sur les associations, vot\u00e9e le 1er juillet. 1905 Loi de s\u00e9paration de l&rsquo;\u00e9glise et de l&rsquo;\u00c9tat Si tous les Ligueurs sont d\u2019accord pour une s\u00e9paration des \u00e9glises et de l\u2019\u00c9tat, ils divergent sur les modalit\u00e9s. Face \u00e0 ceux qui, comme \u00c9mile Combes, veulent une loi contr\u00f4lant les \u00e9glises, Aristide Briand fait voter, avec l\u2019appui de Jean Jaur\u00e8s, une loi qui pr\u00e9cise \u00ab La R\u00e9publique assure la libert\u00e9 de conscience. Elle garantit le libre exercice des cultes, sous les seules restrictions \u00e9dict\u00e9es dans l\u2019int\u00e9r\u00eat de l\u2019ordre public. (\u2026) La R\u00e9publique ne reconna\u00eet, ne salarie et ne subventionne aucun culte. \u00bb 1914 Le r\u00f4le de l&rsquo;\u00e9ducation A la veille de la premi\u00e8re guerre mondiale, la Ligue de l&rsquo;enseignement, organis\u00e9e, active et bien implant\u00e9e, est un v\u00e9ritable creuset r\u00e9publicain. Ses \u0153uvres postscolaires sont fortement soutenues par les pouvoirs publics. Pour aider les enseignants impliqu\u00e9s dans ces \u0153uvres, la Ligue envoie, dans tout le pays, des conf\u00e9renciers munis de livres et de mat\u00e9riel scientifique pour expliquer le r\u00f4le de l\u2019\u00e9ducation. Parmi eux, on compte de futurs pr\u00e9sidents de la R\u00e9publique comme Raymond Poincar\u00e9 ou Paul Doumer. Durant la guerre, la Ligue de l&rsquo;enseignement met ses capacit\u00e9s de mobilisation au service du patriotisme. Elle perd de nombreux animateurs au combat, et surtout, apr\u00e8s cette p\u00e9riode d\u2019union avec ses anciens adversaires politiques, sa vigueur id\u00e9ologique est alt\u00e9r\u00e9e. 1925 Organisation de la Ligue de l&rsquo;enseignement La Ligue de l&rsquo;enseignement modifie profond\u00e9ment son organisation et prend le sous-titre de Conf\u00e9d\u00e9ration g\u00e9n\u00e9rale des \u0153uvres la\u00efques scolaires, postscolaires, d\u2019\u00e9ducation et de solidarit\u00e9 sociale. Un an plus tard, il est d\u00e9cid\u00e9 de cr\u00e9er une f\u00e9d\u00e9ration par d\u00e9partement (il en existe d\u00e9j\u00e0 32 \u00e0 l\u2019\u00e9poque). Port\u00e9e par un grand rassemblement la\u00efque, la Ligue retrouve un r\u00f4le d\u00e9terminant dans la d\u00e9fense de l\u2019\u00e9cole publique. 1928 La Ligue de l&rsquo;enseignement cr\u00e9e des unions sp\u00e9cialis\u00e9es Alors que les activit\u00e9s de loisirs se d\u00e9veloppent, en particulier avec le Front populaire, la Ligue cr\u00e9e des unions sp\u00e9cialis\u00e9es : 1928 : les activit\u00e9s sportives avec l\u2019Union fran\u00e7aise des \u0153uvres la\u00efques d\u2019\u00e9ducation physique (UFOLEP) \/ 1933 : l\u2019\u00e9ducation artistique (UFOLEA) \/ 1934 : le cin\u00e9ma (UFOCEL) \/ 1938 : les vacances (UFO-PATRONAGE) \/ 1939 : le sport scolaire (USEP). 1935 La Ligue de l&rsquo;enseignement adh\u00e8re au Comit\u00e9 national de rassemblement populaire La Ligue de l&rsquo;enseignement marque son engagement \u00e0 gauche et son opposition au fascisme en adh\u00e9rant au Comit\u00e9 national de rassemblement populaire et d\u00e9fend la nationalisation de l\u2019enseignement. 19391945 La Ligue de l&rsquo;enseignement participe activement \u00e0 la R\u00e9sistance Dans la France occup\u00e9e, la Ligue de l&rsquo;enseignement devient la cible de l\u2019ordre moral p\u00e9tainiste. Ses biens sont confisqu\u00e9s, \u00e0 l\u2019image de son si\u00e8ge parisien o\u00f9 sont install\u00e9s les \u00ab Jeunes du Mar\u00e9chal \u00bb. Si elle participe activement \u00e0 la R\u00e9sistance, elle se trouve d\u00e9munie et affaiblie \u00e0 la Lib\u00e9ration. 1947 Cr\u00e9ation de la FCPE La Ligue de l&rsquo;enseignement et le Syndicat National des Instituteurs (SNI) cr\u00e9ent la F\u00e9d\u00e9ration des Conseils de Parents d\u2019\u00c9l\u00e8ves (FCPE) pour riposter \u00e0 la mobilisation des parents d\u2019\u00e9l\u00e8ves de l\u2019enseignement priv\u00e9. IVe R\u00e9p.<\/p>\n","protected":false},"author":1,"featured_media":0,"parent":0,"menu_order":0,"comment_status":"closed","ping_status":"closed","template":"","meta":{"_uag_custom_page_level_css":"","h5ap_radio_sources":[],"footnotes":""},"class_list":["post-8426","page","type-page","status-publish","hentry"],"yoast_head":"<!-- This site is optimized with the Yoast SEO plugin v27.3 - https:\/\/yoast.com\/product\/yoast-seo-wordpress\/ -->\n<title>Notre histoire* -<\/title>\n<meta name=\"robots\" content=\"index, follow, max-snippet:-1, max-image-preview:large, max-video-preview:-1\" \/>\n<link rel=\"canonical\" href=\"https:\/\/laligue53.org\/index.php\/notre-histoire-2\/\" \/>\n<meta property=\"og:locale\" content=\"fr_FR\" \/>\n<meta property=\"og:type\" content=\"article\" \/>\n<meta property=\"og:title\" content=\"Notre histoire* -\" \/>\n<meta property=\"og:description\" content=\"d\u00e9couvrez l&rsquo;histoire de la Ligue de l&rsquo;enseignement Le mouvement d\u2019\u00e9ducation populaire est cr\u00e9\u00e9 en 1866 par Jean Mac\u00e9 qui s\u2019inspire de l\u2019exemple de la Belgique o\u00f9 avait \u00e9t\u00e9 fond\u00e9e, en 1864, une Ligue destin\u00e9e \u00e0 d\u00e9fendre la la\u00efcit\u00e9. La fondation de la Ligue fran\u00e7aise de l\u2019enseignement a inspir\u00e9 les lois sur l\u2019\u00e9cole \u00ab gratuite, obligatoire et la\u00efque \u00bb \u00e0 la fin du XIX\u00e8\u00a0si\u00e8cle.\u00a0Ce grand mouvement d\u2019\u00e9ducation populaire est partenaire de la vie associative,\u00a0de l\u2019\u00e9cole publique et disposant d\u2019un r\u00e9seau national\u00a0de f\u00e9d\u00e9rations. \u00a0 Son organisation s\u2019appuie sur\u00a0103 f\u00e9d\u00e9rations d\u00e9partementales, elles-m\u00eame regroup\u00e9es au sein d\u2019unions r\u00e9gionales. Les associations locales, les f\u00e9d\u00e9rations d\u00e9partementales et le centre conf\u00e9d\u00e9ral comptent plusieurs milliers de salari\u00e9s et des centaines de milliers de b\u00e9n\u00e9voles, et \u0153uvrent dans les domaines de l\u2019\u00e9ducation populaire\u00a0ou de l\u2019enseignement, des pratiques artistiques et culturelles, des activit\u00e9s sportives, des vacances et des loisirs, de la formation professionnelle ou de l\u2019action sociale. LA LIGUE DE L&rsquo;ENSEIGNEMENT Au niveau national Mouvement la\u00efque d\u2019\u00e9ducation populaire, la Ligue de l\u2019enseignement propose des activit\u00e9s \u00e9ducatives, culturelles, sportives et de loisirs. Elle regroupe, \u00e0 travers 103 f\u00e9d\u00e9rations d\u00e9partementales, plus de 20 000 associations locales pr\u00e9sentes dans 24 000 communes et repr\u00e9sentant 1,6 million d\u2019adh\u00e9rents. LA LIGUE DE L&rsquo;ENSEIGNEMENT Au niveau d\u00e9partemental En Mayenne, depuis 1946, la Ligue de l\u2019enseignement &#8211; FAL 53 anime la vie locale, d\u00e9veloppe des solidarit\u00e9s et contribue \u00e0 la formation de citoyens \u00e9gaux et responsables. Elle vise \u00e0 faciliter l\u2019acc\u00e8s \u00e0 l\u2019\u00e9ducation, \u00e0 la culture, au sport et aux loisirs pour tous dans le respect des diversit\u00e9s culturelles. 0 F\u00e9d\u00e9rations d\u00e9partementales 0 associations locales 0 communes 0 d&rsquo;adh\u00e9rents Un peu d&rsquo;histoire&#8230; Lorsque Louis Napol\u00e9on Bonaparte restaure l\u2019Empire en 1852 et supprime la II\u00e8me R\u00e9publique, Jean Mac\u00e9, journaliste r\u00e9publicain, Professeur en Alsace, y voit un danger pour la d\u00e9mocratie. Estimant que \u00ab l\u2019\u00e9ducation au suffrage universel \u00bb est indispensable pour garantir la d\u00e9mocratie, il projette de cr\u00e9er une Ligue de l\u2019enseignement semblable \u00e0 celle cr\u00e9\u00e9e en Belgique. En 1866, il cr\u00e9e ainsi la Ligue fran\u00e7aise de l\u2019enseignement, form\u00e9e avant tout pour rassembler et \u00e9duquer des citoyens. Un an plus tard, elle compte 5 000 membres r\u00e9partis dans plus de 72 d\u00e9partements. Dans une France en mutation, plong\u00e9e dans un d\u00e9sarroi social, la Ligue r\u00e9unit alors des gens du peuple et des bourgeois cultiv\u00e9s. Tous voient dans l\u2019instruction et l\u2019\u00e9ducation, l\u2019instrument de formation \u00e0 la citoyennet\u00e9. 1871 Lancement d&rsquo;une p\u00e9tition par Jean Mac\u00e9 Avec l\u2019appui de la presse lib\u00e9rale, Jean Mac\u00e9 lance une p\u00e9tition pour une \u00ab instruction gratuite, obligatoire et la\u00efque \u00bb qui recueillera plus d\u20191,3 million de signatures. 1881 La Ligue de l&rsquo;enseignement devient une organisation r\u00e9publicaine Constitution officielle en tant qu\u2019organisation r\u00e9publicaine de la Ligue de l&rsquo;enseignement par L\u00e9on Gambetta. 1894 Cr\u00e9ation des associations la\u00efques Avec l\u2019appui des r\u00e9publicains, la Ligue de l&rsquo;enseignement cr\u00e9e, dans tous les cantons, des associations la\u00efques qui doivent \u00eatre un instrument d\u2019\u00e9ducation civique et de coordination entre l\u2019\u00c9tat et le citoyen. 1901 \u00c9laboration d&rsquo;une loi sur les associations La Ligue de l&rsquo;enseignement prend une part importante \u00e0 l\u2019\u00e9laboration de la loi sur les associations, vot\u00e9e le 1er juillet. 1905 Loi de s\u00e9paration de l&rsquo;\u00e9glise et de l&rsquo;\u00c9tat Si tous les Ligueurs sont d\u2019accord pour une s\u00e9paration des \u00e9glises et de l\u2019\u00c9tat, ils divergent sur les modalit\u00e9s. Face \u00e0 ceux qui, comme \u00c9mile Combes, veulent une loi contr\u00f4lant les \u00e9glises, Aristide Briand fait voter, avec l\u2019appui de Jean Jaur\u00e8s, une loi qui pr\u00e9cise \u00ab La R\u00e9publique assure la libert\u00e9 de conscience. Elle garantit le libre exercice des cultes, sous les seules restrictions \u00e9dict\u00e9es dans l\u2019int\u00e9r\u00eat de l\u2019ordre public. (\u2026) La R\u00e9publique ne reconna\u00eet, ne salarie et ne subventionne aucun culte. \u00bb 1914 Le r\u00f4le de l&rsquo;\u00e9ducation A la veille de la premi\u00e8re guerre mondiale, la Ligue de l&rsquo;enseignement, organis\u00e9e, active et bien implant\u00e9e, est un v\u00e9ritable creuset r\u00e9publicain. Ses \u0153uvres postscolaires sont fortement soutenues par les pouvoirs publics. Pour aider les enseignants impliqu\u00e9s dans ces \u0153uvres, la Ligue envoie, dans tout le pays, des conf\u00e9renciers munis de livres et de mat\u00e9riel scientifique pour expliquer le r\u00f4le de l\u2019\u00e9ducation. Parmi eux, on compte de futurs pr\u00e9sidents de la R\u00e9publique comme Raymond Poincar\u00e9 ou Paul Doumer. Durant la guerre, la Ligue de l&rsquo;enseignement met ses capacit\u00e9s de mobilisation au service du patriotisme. Elle perd de nombreux animateurs au combat, et surtout, apr\u00e8s cette p\u00e9riode d\u2019union avec ses anciens adversaires politiques, sa vigueur id\u00e9ologique est alt\u00e9r\u00e9e. 1925 Organisation de la Ligue de l&rsquo;enseignement La Ligue de l&rsquo;enseignement modifie profond\u00e9ment son organisation et prend le sous-titre de Conf\u00e9d\u00e9ration g\u00e9n\u00e9rale des \u0153uvres la\u00efques scolaires, postscolaires, d\u2019\u00e9ducation et de solidarit\u00e9 sociale. Un an plus tard, il est d\u00e9cid\u00e9 de cr\u00e9er une f\u00e9d\u00e9ration par d\u00e9partement (il en existe d\u00e9j\u00e0 32 \u00e0 l\u2019\u00e9poque). Port\u00e9e par un grand rassemblement la\u00efque, la Ligue retrouve un r\u00f4le d\u00e9terminant dans la d\u00e9fense de l\u2019\u00e9cole publique. 1928 La Ligue de l&rsquo;enseignement cr\u00e9e des unions sp\u00e9cialis\u00e9es Alors que les activit\u00e9s de loisirs se d\u00e9veloppent, en particulier avec le Front populaire, la Ligue cr\u00e9e des unions sp\u00e9cialis\u00e9es : 1928 : les activit\u00e9s sportives avec l\u2019Union fran\u00e7aise des \u0153uvres la\u00efques d\u2019\u00e9ducation physique (UFOLEP) \/ 1933 : l\u2019\u00e9ducation artistique (UFOLEA) \/ 1934 : le cin\u00e9ma (UFOCEL) \/ 1938 : les vacances (UFO-PATRONAGE) \/ 1939 : le sport scolaire (USEP). 1935 La Ligue de l&rsquo;enseignement adh\u00e8re au Comit\u00e9 national de rassemblement populaire La Ligue de l&rsquo;enseignement marque son engagement \u00e0 gauche et son opposition au fascisme en adh\u00e9rant au Comit\u00e9 national de rassemblement populaire et d\u00e9fend la nationalisation de l\u2019enseignement. 19391945 La Ligue de l&rsquo;enseignement participe activement \u00e0 la R\u00e9sistance Dans la France occup\u00e9e, la Ligue de l&rsquo;enseignement devient la cible de l\u2019ordre moral p\u00e9tainiste. Ses biens sont confisqu\u00e9s, \u00e0 l\u2019image de son si\u00e8ge parisien o\u00f9 sont install\u00e9s les \u00ab Jeunes du Mar\u00e9chal \u00bb. Si elle participe activement \u00e0 la R\u00e9sistance, elle se trouve d\u00e9munie et affaiblie \u00e0 la Lib\u00e9ration. 1947 Cr\u00e9ation de la FCPE La Ligue de l&rsquo;enseignement et le Syndicat National des Instituteurs (SNI) cr\u00e9ent la F\u00e9d\u00e9ration des Conseils de Parents d\u2019\u00c9l\u00e8ves (FCPE) pour riposter \u00e0 la mobilisation des parents d\u2019\u00e9l\u00e8ves de l\u2019enseignement priv\u00e9. IVe R\u00e9p.\" \/>\n<meta property=\"og:url\" content=\"https:\/\/laligue53.org\/index.php\/notre-histoire-2\/\" \/>\n<meta property=\"article:modified_time\" content=\"2024-04-04T15:06:47+00:00\" \/>\n<meta property=\"og:image\" content=\"https:\/\/laligue53.org\/wp-content\/uploads\/2024\/04\/Gambetta_par_Etienne_Carjat_photo_recadree-259x300.jpg\" \/>\n<meta name=\"twitter:card\" content=\"summary_large_image\" \/>\n<meta name=\"twitter:label1\" content=\"Dur\u00e9e de lecture estim\u00e9e\" \/>\n\t<meta name=\"twitter:data1\" content=\"13 minutes\" \/>\n<script type=\"application\/ld+json\" class=\"yoast-schema-graph\">{\"@context\":\"https:\\\/\\\/schema.org\",\"@graph\":[{\"@type\":\"WebPage\",\"@id\":\"https:\\\/\\\/laligue53.org\\\/index.php\\\/notre-histoire-2\\\/\",\"url\":\"https:\\\/\\\/laligue53.org\\\/index.php\\\/notre-histoire-2\\\/\",\"name\":\"Notre histoire* -\",\"isPartOf\":{\"@id\":\"https:\\\/\\\/laligue53.org\\\/#website\"},\"primaryImageOfPage\":{\"@id\":\"https:\\\/\\\/laligue53.org\\\/index.php\\\/notre-histoire-2\\\/#primaryimage\"},\"image\":{\"@id\":\"https:\\\/\\\/laligue53.org\\\/index.php\\\/notre-histoire-2\\\/#primaryimage\"},\"thumbnailUrl\":\"https:\\\/\\\/laligue53.org\\\/wp-content\\\/uploads\\\/2024\\\/04\\\/Gambetta_par_Etienne_Carjat_photo_recadree-259x300.jpg\",\"datePublished\":\"2024-04-04T08:50:06+00:00\",\"dateModified\":\"2024-04-04T15:06:47+00:00\",\"breadcrumb\":{\"@id\":\"https:\\\/\\\/laligue53.org\\\/index.php\\\/notre-histoire-2\\\/#breadcrumb\"},\"inLanguage\":\"fr-FR\",\"potentialAction\":[{\"@type\":\"ReadAction\",\"target\":[\"https:\\\/\\\/laligue53.org\\\/index.php\\\/notre-histoire-2\\\/\"]}]},{\"@type\":\"ImageObject\",\"inLanguage\":\"fr-FR\",\"@id\":\"https:\\\/\\\/laligue53.org\\\/index.php\\\/notre-histoire-2\\\/#primaryimage\",\"url\":\"https:\\\/\\\/laligue53.org\\\/wp-content\\\/uploads\\\/2024\\\/04\\\/Gambetta_par_Etienne_Carjat_photo_recadree.jpg\",\"contentUrl\":\"https:\\\/\\\/laligue53.org\\\/wp-content\\\/uploads\\\/2024\\\/04\\\/Gambetta_par_Etienne_Carjat_photo_recadree.jpg\",\"width\":757,\"height\":877},{\"@type\":\"BreadcrumbList\",\"@id\":\"https:\\\/\\\/laligue53.org\\\/index.php\\\/notre-histoire-2\\\/#breadcrumb\",\"itemListElement\":[{\"@type\":\"ListItem\",\"position\":1,\"name\":\"Accueil\",\"item\":\"https:\\\/\\\/laligue53.org\\\/\"},{\"@type\":\"ListItem\",\"position\":2,\"name\":\"Notre histoire*\"}]},{\"@type\":\"WebSite\",\"@id\":\"https:\\\/\\\/laligue53.org\\\/#website\",\"url\":\"https:\\\/\\\/laligue53.org\\\/\",\"name\":\"\",\"description\":\"S&#039;associer est une force\",\"potentialAction\":[{\"@type\":\"SearchAction\",\"target\":{\"@type\":\"EntryPoint\",\"urlTemplate\":\"https:\\\/\\\/laligue53.org\\\/?s={search_term_string}\"},\"query-input\":{\"@type\":\"PropertyValueSpecification\",\"valueRequired\":true,\"valueName\":\"search_term_string\"}}],\"inLanguage\":\"fr-FR\"}]}<\/script>\n<!-- \/ Yoast SEO plugin. -->","yoast_head_json":{"title":"Notre histoire* -","robots":{"index":"index","follow":"follow","max-snippet":"max-snippet:-1","max-image-preview":"max-image-preview:large","max-video-preview":"max-video-preview:-1"},"canonical":"https:\/\/laligue53.org\/index.php\/notre-histoire-2\/","og_locale":"fr_FR","og_type":"article","og_title":"Notre histoire* -","og_description":"d\u00e9couvrez l&rsquo;histoire de la Ligue de l&rsquo;enseignement Le mouvement d\u2019\u00e9ducation populaire est cr\u00e9\u00e9 en 1866 par Jean Mac\u00e9 qui s\u2019inspire de l\u2019exemple de la Belgique o\u00f9 avait \u00e9t\u00e9 fond\u00e9e, en 1864, une Ligue destin\u00e9e \u00e0 d\u00e9fendre la la\u00efcit\u00e9. La fondation de la Ligue fran\u00e7aise de l\u2019enseignement a inspir\u00e9 les lois sur l\u2019\u00e9cole \u00ab gratuite, obligatoire et la\u00efque \u00bb \u00e0 la fin du XIX\u00e8\u00a0si\u00e8cle.\u00a0Ce grand mouvement d\u2019\u00e9ducation populaire est partenaire de la vie associative,\u00a0de l\u2019\u00e9cole publique et disposant d\u2019un r\u00e9seau national\u00a0de f\u00e9d\u00e9rations. \u00a0 Son organisation s\u2019appuie sur\u00a0103 f\u00e9d\u00e9rations d\u00e9partementales, elles-m\u00eame regroup\u00e9es au sein d\u2019unions r\u00e9gionales. Les associations locales, les f\u00e9d\u00e9rations d\u00e9partementales et le centre conf\u00e9d\u00e9ral comptent plusieurs milliers de salari\u00e9s et des centaines de milliers de b\u00e9n\u00e9voles, et \u0153uvrent dans les domaines de l\u2019\u00e9ducation populaire\u00a0ou de l\u2019enseignement, des pratiques artistiques et culturelles, des activit\u00e9s sportives, des vacances et des loisirs, de la formation professionnelle ou de l\u2019action sociale. LA LIGUE DE L&rsquo;ENSEIGNEMENT Au niveau national Mouvement la\u00efque d\u2019\u00e9ducation populaire, la Ligue de l\u2019enseignement propose des activit\u00e9s \u00e9ducatives, culturelles, sportives et de loisirs. Elle regroupe, \u00e0 travers 103 f\u00e9d\u00e9rations d\u00e9partementales, plus de 20 000 associations locales pr\u00e9sentes dans 24 000 communes et repr\u00e9sentant 1,6 million d\u2019adh\u00e9rents. LA LIGUE DE L&rsquo;ENSEIGNEMENT Au niveau d\u00e9partemental En Mayenne, depuis 1946, la Ligue de l\u2019enseignement &#8211; FAL 53 anime la vie locale, d\u00e9veloppe des solidarit\u00e9s et contribue \u00e0 la formation de citoyens \u00e9gaux et responsables. Elle vise \u00e0 faciliter l\u2019acc\u00e8s \u00e0 l\u2019\u00e9ducation, \u00e0 la culture, au sport et aux loisirs pour tous dans le respect des diversit\u00e9s culturelles. 0 F\u00e9d\u00e9rations d\u00e9partementales 0 associations locales 0 communes 0 d&rsquo;adh\u00e9rents Un peu d&rsquo;histoire&#8230; Lorsque Louis Napol\u00e9on Bonaparte restaure l\u2019Empire en 1852 et supprime la II\u00e8me R\u00e9publique, Jean Mac\u00e9, journaliste r\u00e9publicain, Professeur en Alsace, y voit un danger pour la d\u00e9mocratie. Estimant que \u00ab l\u2019\u00e9ducation au suffrage universel \u00bb est indispensable pour garantir la d\u00e9mocratie, il projette de cr\u00e9er une Ligue de l\u2019enseignement semblable \u00e0 celle cr\u00e9\u00e9e en Belgique. En 1866, il cr\u00e9e ainsi la Ligue fran\u00e7aise de l\u2019enseignement, form\u00e9e avant tout pour rassembler et \u00e9duquer des citoyens. Un an plus tard, elle compte 5 000 membres r\u00e9partis dans plus de 72 d\u00e9partements. Dans une France en mutation, plong\u00e9e dans un d\u00e9sarroi social, la Ligue r\u00e9unit alors des gens du peuple et des bourgeois cultiv\u00e9s. Tous voient dans l\u2019instruction et l\u2019\u00e9ducation, l\u2019instrument de formation \u00e0 la citoyennet\u00e9. 1871 Lancement d&rsquo;une p\u00e9tition par Jean Mac\u00e9 Avec l\u2019appui de la presse lib\u00e9rale, Jean Mac\u00e9 lance une p\u00e9tition pour une \u00ab instruction gratuite, obligatoire et la\u00efque \u00bb qui recueillera plus d\u20191,3 million de signatures. 1881 La Ligue de l&rsquo;enseignement devient une organisation r\u00e9publicaine Constitution officielle en tant qu\u2019organisation r\u00e9publicaine de la Ligue de l&rsquo;enseignement par L\u00e9on Gambetta. 1894 Cr\u00e9ation des associations la\u00efques Avec l\u2019appui des r\u00e9publicains, la Ligue de l&rsquo;enseignement cr\u00e9e, dans tous les cantons, des associations la\u00efques qui doivent \u00eatre un instrument d\u2019\u00e9ducation civique et de coordination entre l\u2019\u00c9tat et le citoyen. 1901 \u00c9laboration d&rsquo;une loi sur les associations La Ligue de l&rsquo;enseignement prend une part importante \u00e0 l\u2019\u00e9laboration de la loi sur les associations, vot\u00e9e le 1er juillet. 1905 Loi de s\u00e9paration de l&rsquo;\u00e9glise et de l&rsquo;\u00c9tat Si tous les Ligueurs sont d\u2019accord pour une s\u00e9paration des \u00e9glises et de l\u2019\u00c9tat, ils divergent sur les modalit\u00e9s. Face \u00e0 ceux qui, comme \u00c9mile Combes, veulent une loi contr\u00f4lant les \u00e9glises, Aristide Briand fait voter, avec l\u2019appui de Jean Jaur\u00e8s, une loi qui pr\u00e9cise \u00ab La R\u00e9publique assure la libert\u00e9 de conscience. Elle garantit le libre exercice des cultes, sous les seules restrictions \u00e9dict\u00e9es dans l\u2019int\u00e9r\u00eat de l\u2019ordre public. (\u2026) La R\u00e9publique ne reconna\u00eet, ne salarie et ne subventionne aucun culte. \u00bb 1914 Le r\u00f4le de l&rsquo;\u00e9ducation A la veille de la premi\u00e8re guerre mondiale, la Ligue de l&rsquo;enseignement, organis\u00e9e, active et bien implant\u00e9e, est un v\u00e9ritable creuset r\u00e9publicain. Ses \u0153uvres postscolaires sont fortement soutenues par les pouvoirs publics. Pour aider les enseignants impliqu\u00e9s dans ces \u0153uvres, la Ligue envoie, dans tout le pays, des conf\u00e9renciers munis de livres et de mat\u00e9riel scientifique pour expliquer le r\u00f4le de l\u2019\u00e9ducation. Parmi eux, on compte de futurs pr\u00e9sidents de la R\u00e9publique comme Raymond Poincar\u00e9 ou Paul Doumer. Durant la guerre, la Ligue de l&rsquo;enseignement met ses capacit\u00e9s de mobilisation au service du patriotisme. Elle perd de nombreux animateurs au combat, et surtout, apr\u00e8s cette p\u00e9riode d\u2019union avec ses anciens adversaires politiques, sa vigueur id\u00e9ologique est alt\u00e9r\u00e9e. 1925 Organisation de la Ligue de l&rsquo;enseignement La Ligue de l&rsquo;enseignement modifie profond\u00e9ment son organisation et prend le sous-titre de Conf\u00e9d\u00e9ration g\u00e9n\u00e9rale des \u0153uvres la\u00efques scolaires, postscolaires, d\u2019\u00e9ducation et de solidarit\u00e9 sociale. Un an plus tard, il est d\u00e9cid\u00e9 de cr\u00e9er une f\u00e9d\u00e9ration par d\u00e9partement (il en existe d\u00e9j\u00e0 32 \u00e0 l\u2019\u00e9poque). Port\u00e9e par un grand rassemblement la\u00efque, la Ligue retrouve un r\u00f4le d\u00e9terminant dans la d\u00e9fense de l\u2019\u00e9cole publique. 1928 La Ligue de l&rsquo;enseignement cr\u00e9e des unions sp\u00e9cialis\u00e9es Alors que les activit\u00e9s de loisirs se d\u00e9veloppent, en particulier avec le Front populaire, la Ligue cr\u00e9e des unions sp\u00e9cialis\u00e9es : 1928 : les activit\u00e9s sportives avec l\u2019Union fran\u00e7aise des \u0153uvres la\u00efques d\u2019\u00e9ducation physique (UFOLEP) \/ 1933 : l\u2019\u00e9ducation artistique (UFOLEA) \/ 1934 : le cin\u00e9ma (UFOCEL) \/ 1938 : les vacances (UFO-PATRONAGE) \/ 1939 : le sport scolaire (USEP). 1935 La Ligue de l&rsquo;enseignement adh\u00e8re au Comit\u00e9 national de rassemblement populaire La Ligue de l&rsquo;enseignement marque son engagement \u00e0 gauche et son opposition au fascisme en adh\u00e9rant au Comit\u00e9 national de rassemblement populaire et d\u00e9fend la nationalisation de l\u2019enseignement. 19391945 La Ligue de l&rsquo;enseignement participe activement \u00e0 la R\u00e9sistance Dans la France occup\u00e9e, la Ligue de l&rsquo;enseignement devient la cible de l\u2019ordre moral p\u00e9tainiste. Ses biens sont confisqu\u00e9s, \u00e0 l\u2019image de son si\u00e8ge parisien o\u00f9 sont install\u00e9s les \u00ab Jeunes du Mar\u00e9chal \u00bb. Si elle participe activement \u00e0 la R\u00e9sistance, elle se trouve d\u00e9munie et affaiblie \u00e0 la Lib\u00e9ration. 1947 Cr\u00e9ation de la FCPE La Ligue de l&rsquo;enseignement et le Syndicat National des Instituteurs (SNI) cr\u00e9ent la F\u00e9d\u00e9ration des Conseils de Parents d\u2019\u00c9l\u00e8ves (FCPE) pour riposter \u00e0 la mobilisation des parents d\u2019\u00e9l\u00e8ves de l\u2019enseignement priv\u00e9. IVe R\u00e9p.","og_url":"https:\/\/laligue53.org\/index.php\/notre-histoire-2\/","article_modified_time":"2024-04-04T15:06:47+00:00","og_image":[{"url":"https:\/\/laligue53.org\/wp-content\/uploads\/2024\/04\/Gambetta_par_Etienne_Carjat_photo_recadree-259x300.jpg","type":"","width":"","height":""}],"twitter_card":"summary_large_image","twitter_misc":{"Dur\u00e9e de lecture estim\u00e9e":"13 minutes"},"schema":{"@context":"https:\/\/schema.org","@graph":[{"@type":"WebPage","@id":"https:\/\/laligue53.org\/index.php\/notre-histoire-2\/","url":"https:\/\/laligue53.org\/index.php\/notre-histoire-2\/","name":"Notre histoire* -","isPartOf":{"@id":"https:\/\/laligue53.org\/#website"},"primaryImageOfPage":{"@id":"https:\/\/laligue53.org\/index.php\/notre-histoire-2\/#primaryimage"},"image":{"@id":"https:\/\/laligue53.org\/index.php\/notre-histoire-2\/#primaryimage"},"thumbnailUrl":"https:\/\/laligue53.org\/wp-content\/uploads\/2024\/04\/Gambetta_par_Etienne_Carjat_photo_recadree-259x300.jpg","datePublished":"2024-04-04T08:50:06+00:00","dateModified":"2024-04-04T15:06:47+00:00","breadcrumb":{"@id":"https:\/\/laligue53.org\/index.php\/notre-histoire-2\/#breadcrumb"},"inLanguage":"fr-FR","potentialAction":[{"@type":"ReadAction","target":["https:\/\/laligue53.org\/index.php\/notre-histoire-2\/"]}]},{"@type":"ImageObject","inLanguage":"fr-FR","@id":"https:\/\/laligue53.org\/index.php\/notre-histoire-2\/#primaryimage","url":"https:\/\/laligue53.org\/wp-content\/uploads\/2024\/04\/Gambetta_par_Etienne_Carjat_photo_recadree.jpg","contentUrl":"https:\/\/laligue53.org\/wp-content\/uploads\/2024\/04\/Gambetta_par_Etienne_Carjat_photo_recadree.jpg","width":757,"height":877},{"@type":"BreadcrumbList","@id":"https:\/\/laligue53.org\/index.php\/notre-histoire-2\/#breadcrumb","itemListElement":[{"@type":"ListItem","position":1,"name":"Accueil","item":"https:\/\/laligue53.org\/"},{"@type":"ListItem","position":2,"name":"Notre histoire*"}]},{"@type":"WebSite","@id":"https:\/\/laligue53.org\/#website","url":"https:\/\/laligue53.org\/","name":"","description":"S&#039;associer est une force","potentialAction":[{"@type":"SearchAction","target":{"@type":"EntryPoint","urlTemplate":"https:\/\/laligue53.org\/?s={search_term_string}"},"query-input":{"@type":"PropertyValueSpecification","valueRequired":true,"valueName":"search_term_string"}}],"inLanguage":"fr-FR"}]}},"uagb_featured_image_src":{"full":false,"thumbnail":false,"medium":false,"medium_large":false,"large":false,"1536x1536":false,"2048x2048":false},"uagb_author_info":{"display_name":"solene","author_link":"https:\/\/laligue53.org\/index.php\/author\/solene\/"},"uagb_comment_info":0,"uagb_excerpt":"d\u00e9couvrez l&rsquo;histoire de la Ligue de l&rsquo;enseignement Le mouvement d\u2019\u00e9ducation populaire est cr\u00e9\u00e9 en 1866 par Jean Mac\u00e9 qui s\u2019inspire de l\u2019exemple de la Belgique o\u00f9 avait \u00e9t\u00e9 fond\u00e9e, en 1864, une Ligue destin\u00e9e \u00e0 d\u00e9fendre la la\u00efcit\u00e9. La fondation de la Ligue fran\u00e7aise de l\u2019enseignement a inspir\u00e9 les lois sur l\u2019\u00e9cole \u00ab gratuite, obligatoire\u2026","_links":{"self":[{"href":"https:\/\/laligue53.org\/index.php\/wp-json\/wp\/v2\/pages\/8426","targetHints":{"allow":["GET"]}}],"collection":[{"href":"https:\/\/laligue53.org\/index.php\/wp-json\/wp\/v2\/pages"}],"about":[{"href":"https:\/\/laligue53.org\/index.php\/wp-json\/wp\/v2\/types\/page"}],"author":[{"embeddable":true,"href":"https:\/\/laligue53.org\/index.php\/wp-json\/wp\/v2\/users\/1"}],"replies":[{"embeddable":true,"href":"https:\/\/laligue53.org\/index.php\/wp-json\/wp\/v2\/comments?post=8426"}],"version-history":[{"count":85,"href":"https:\/\/laligue53.org\/index.php\/wp-json\/wp\/v2\/pages\/8426\/revisions"}],"predecessor-version":[{"id":8564,"href":"https:\/\/laligue53.org\/index.php\/wp-json\/wp\/v2\/pages\/8426\/revisions\/8564"}],"wp:attachment":[{"href":"https:\/\/laligue53.org\/index.php\/wp-json\/wp\/v2\/media?parent=8426"}],"curies":[{"name":"wp","href":"https:\/\/api.w.org\/{rel}","templated":true}]}}